{"id":53,"date":"2022-10-05T10:52:36","date_gmt":"2022-10-05T10:52:36","guid":{"rendered":"https:\/\/3.249.2.232\/services\/"},"modified":"2026-03-17T15:08:01","modified_gmt":"2026-03-17T14:08:01","slug":"proyectos","status":"publish","type":"page","link":"http:\/\/www.marcasal.es\/en\/proyectos\/","title":{"rendered":"Projects"},"content":{"rendered":"<div data-elementor-type=\"wp-page\" data-elementor-id=\"53\" class=\"elementor elementor-53\">\n\t\t\t\t\t\t<section class=\"elementor-section elementor-top-section elementor-element elementor-element-5ef659118 elementor-section-boxed elementor-section-height-default elementor-section-height-default\" data-id=\"5ef659118\" data-element_type=\"section\" data-e-type=\"section\">\n\t\t\t\t\t\t<div class=\"elementor-container elementor-column-gap-default\">\n\t\t\t\t\t<div class=\"elementor-column elementor-col-100 elementor-top-column elementor-element elementor-element-79999774\" data-id=\"79999774\" data-element_type=\"column\" data-e-type=\"column\">\n\t\t\t<div class=\"elementor-widget-wrap elementor-element-populated\">\n\t\t\t\t\t\t<div class=\"elementor-element elementor-element-6a18e85 animated-slow elementor-widget-divider--view-line elementor-invisible elementor-widget elementor-widget-divider\" data-id=\"6a18e85\" data-element_type=\"widget\" data-e-type=\"widget\" data-settings=\"{&quot;_animation&quot;:&quot;slideInLeft&quot;,&quot;_animation_delay&quot;:&quot;200&quot;}\" data-widget_type=\"divider.default\">\n\t\t\t\t<div class=\"elementor-widget-container\">\n\t\t\t\t\t\t\t<div class=\"elementor-divider\">\n\t\t\t<span class=\"elementor-divider-separator\">\n\t\t\t\t\t\t<\/span>\n\t\t<\/div>\n\t\t\t\t\t\t<\/div>\n\t\t\t\t<\/div>\n\t\t\t\t<div class=\"elementor-element elementor-element-42983c2 elementor-widget elementor-widget-text-editor\" data-id=\"42983c2\" data-element_type=\"widget\" data-e-type=\"widget\" data-widget_type=\"text-editor.default\">\n\t\t\t\t<div class=\"elementor-widget-container\">\n\t\t\t\t\t\t\t\t\t<p>Projects Marcasal<\/p>\t\t\t\t\t\t\t\t<\/div>\n\t\t\t\t<\/div>\n\t\t\t\t<div class=\"elementor-element elementor-element-43888b7 elementor-widget elementor-widget-text-editor\" data-id=\"43888b7\" data-element_type=\"widget\" data-e-type=\"widget\" data-widget_type=\"text-editor.default\">\n\t\t\t\t<div class=\"elementor-widget-container\">\n\t\t\t\t\t\t\t\t\t<p>Marcasal has participated in projects of all kinds, offering the most appropriate textile solutions both nationally and internationally. Here we show you some of our most outstanding projects. If you want to know more about the company or our projects, <a href=\"https:\/\/www.marcasal.es\/en\/contacto\/\">contact us<\/a> !\u00a0<\/p>\t\t\t\t\t\t\t\t<\/div>\n\t\t\t\t<\/div>\n\t\t\t\t<div class=\"elementor-element elementor-element-daa1c9f elementor-hidden-desktop elementor-widget elementor-widget-spacer\" data-id=\"daa1c9f\" data-element_type=\"widget\" data-e-type=\"widget\" data-widget_type=\"spacer.default\">\n\t\t\t\t<div class=\"elementor-widget-container\">\n\t\t\t\t\t\t\t<div class=\"elementor-spacer\">\n\t\t\t<div class=\"elementor-spacer-inner\"><\/div>\n\t\t<\/div>\n\t\t\t\t\t\t<\/div>\n\t\t\t\t<\/div>\n\t\t\t\t<div class=\"elementor-element elementor-element-58ba251 elementor-grid-eael-col-3 elementor-grid-tablet-eael-col-2 elementor-grid-mobile-eael-col-1 elementor-widget elementor-widget-eael-post-grid\" data-id=\"58ba251\" data-element_type=\"widget\" data-e-type=\"widget\" data-settings=\"{&quot;eael_post_grid_columns&quot;:&quot;eael-col-3&quot;,&quot;eael_post_grid_columns_tablet&quot;:&quot;eael-col-2&quot;,&quot;eael_post_grid_columns_mobile&quot;:&quot;eael-col-1&quot;}\" data-widget_type=\"eael-post-grid.default\">\n\t\t\t\t<div class=\"elementor-widget-container\">\n\t\t\t\t\t<div id=\"eael-post-grid-58ba251\" class=\"eael-post-grid-container\">\n            <div class=\"eael-post-grid eael-post-appender eael-post-appender-58ba251 eael-post-grid-style-three\" data-layout-mode=\"grid\"><article class=\"eael-grid-post  eael-post-grid-column eael-pg-post-5760 category-restauracion\" data-id=\"5760\">\n        <div class=\"eael-grid-post-holder\">\n            <div class=\"eael-grid-post-holder-inner\"><div class=\"eael-entry-media\"><div class=\"eael-entry-overlay fade-in\"><i class=\"far fa-eye\" aria-hidden=\"true\"><\/i><a href=\"http:\/\/www.marcasal.es\/en\/el-tribut\/\"><\/a><\/div><div class=\"eael-entry-thumbnail eael-image-ratio\">\n                 <img fetchpriority=\"high\" decoding=\"async\" width=\"800\" height=\"533\" src=\"https:\/\/www.marcasal.es\/wp-content\/uploads\/2024\/12\/Marcasal_El-Tribut.webp\" class=\"attachment-large size-large wp-image-5807\" alt=\"\" srcset=\"https:\/\/www.marcasal.es\/wp-content\/uploads\/2024\/12\/Marcasal_El-Tribut.webp 960w, https:\/\/www.marcasal.es\/wp-content\/uploads\/2024\/12\/Marcasal_El-Tribut-300x200.webp 300w, https:\/\/www.marcasal.es\/wp-content\/uploads\/2024\/12\/Marcasal_El-Tribut-768x512.webp 768w, https:\/\/www.marcasal.es\/wp-content\/uploads\/2024\/12\/Marcasal_El-Tribut-18x12.webp 18w\" sizes=\"(max-width: 800px) 100vw, 800px\" \/>\n             <\/div>\n        <\/div><div class=\"eael-entry-wrapper\"><header class=\"eael-entry-header\"><h2 class=\"eael-entry-title\"><a class=\"eael-grid-post-link\" href=\"http:\/\/www.marcasal.es\/en\/el-tribut\/\" title=\"El Tribut\">El Tribut<\/a><\/h2><\/header><\/div><\/div>\n        <\/div>\n    <\/article><article class=\"eael-grid-post  eael-post-grid-column eael-pg-post-5742 category-hoteles-otros\" data-id=\"5742\">\n        <div class=\"eael-grid-post-holder\">\n            <div class=\"eael-grid-post-holder-inner\"><div class=\"eael-entry-media\"><div class=\"eael-entry-overlay fade-in\"><i class=\"far fa-eye\" aria-hidden=\"true\"><\/i><a href=\"http:\/\/www.marcasal.es\/en\/the-social-hub\/\"><\/a><\/div><div class=\"eael-entry-thumbnail eael-image-ratio\">\n                 <img decoding=\"async\" width=\"800\" height=\"534\" data-src=\"https:\/\/www.marcasal.es\/wp-content\/uploads\/2024\/11\/Marcasal_Social_Hub_Cortinas.jpg\" class=\"attachment-large size-large wp-image-5745 lazyload\" alt=\"\" data-srcset=\"https:\/\/www.marcasal.es\/wp-content\/uploads\/2024\/11\/Marcasal_Social_Hub_Cortinas.jpg 1024w, https:\/\/www.marcasal.es\/wp-content\/uploads\/2024\/11\/Marcasal_Social_Hub_Cortinas-300x200.jpg 300w, https:\/\/www.marcasal.es\/wp-content\/uploads\/2024\/11\/Marcasal_Social_Hub_Cortinas-768x512.jpg 768w, https:\/\/www.marcasal.es\/wp-content\/uploads\/2024\/11\/Marcasal_Social_Hub_Cortinas-18x12.jpg 18w\" data-sizes=\"(max-width: 800px) 100vw, 800px\" src=\"data:image\/svg+xml;base64,PHN2ZyB3aWR0aD0iMSIgaGVpZ2h0PSIxIiB4bWxucz0iaHR0cDovL3d3dy53My5vcmcvMjAwMC9zdmciPjwvc3ZnPg==\" style=\"--smush-placeholder-width: 800px; --smush-placeholder-aspect-ratio: 800\/534;\" \/>\n             <\/div>\n        <\/div><div class=\"eael-entry-wrapper\"><header class=\"eael-entry-header\"><h2 class=\"eael-entry-title\"><a class=\"eael-grid-post-link\" href=\"http:\/\/www.marcasal.es\/en\/the-social-hub\/\" title=\"The Social Hub\">The Social Hub<\/a><\/h2><\/header><\/div><\/div>\n        <\/div>\n    <\/article><article class=\"eael-grid-post  eael-post-grid-column eael-pg-post-5708 category-hoteles\" data-id=\"5708\">\n        <div class=\"eael-grid-post-holder\">\n            <div class=\"eael-grid-post-holder-inner\"><div class=\"eael-entry-media\"><div class=\"eael-entry-overlay fade-in\"><i class=\"far fa-eye\" aria-hidden=\"true\"><\/i><a href=\"http:\/\/www.marcasal.es\/en\/serras-andorra-the-penthouse\/\"><\/a><\/div><div class=\"eael-entry-thumbnail eael-image-ratio\">\n                 <img decoding=\"async\" width=\"800\" height=\"534\" data-src=\"https:\/\/www.marcasal.es\/wp-content\/uploads\/2024\/11\/Marcasal_Serras_The-Penthouse-e1734021126597-1024x683.jpg\" class=\"attachment-large size-large wp-image-5712 lazyload\" alt=\"\" data-srcset=\"https:\/\/www.marcasal.es\/wp-content\/uploads\/2024\/11\/Marcasal_Serras_The-Penthouse-e1734021126597-1024x683.jpg 1024w, https:\/\/www.marcasal.es\/wp-content\/uploads\/2024\/11\/Marcasal_Serras_The-Penthouse-e1734021126597-300x200.jpg 300w, https:\/\/www.marcasal.es\/wp-content\/uploads\/2024\/11\/Marcasal_Serras_The-Penthouse-e1734021126597-768x512.jpg 768w, https:\/\/www.marcasal.es\/wp-content\/uploads\/2024\/11\/Marcasal_Serras_The-Penthouse-e1734021126597-18x12.jpg 18w, https:\/\/www.marcasal.es\/wp-content\/uploads\/2024\/11\/Marcasal_Serras_The-Penthouse-e1734021126597.jpg 1200w\" data-sizes=\"(max-width: 800px) 100vw, 800px\" src=\"data:image\/svg+xml;base64,PHN2ZyB3aWR0aD0iMSIgaGVpZ2h0PSIxIiB4bWxucz0iaHR0cDovL3d3dy53My5vcmcvMjAwMC9zdmciPjwvc3ZnPg==\" style=\"--smush-placeholder-width: 800px; --smush-placeholder-aspect-ratio: 800\/534;\" \/>\n             <\/div>\n        <\/div><div class=\"eael-entry-wrapper\"><header class=\"eael-entry-header\"><h2 class=\"eael-entry-title\"><a class=\"eael-grid-post-link\" href=\"http:\/\/www.marcasal.es\/en\/serras-andorra-the-penthouse\/\" title=\"Serras Andorra &#8211; The Penthouse.\">Serras Andorra &#8211; The Penthouse.<\/a><\/h2><\/header><\/div><\/div>\n        <\/div>\n    <\/article><article class=\"eael-grid-post  eael-post-grid-column eael-pg-post-5639 category-hoteles\" data-id=\"5639\">\n        <div class=\"eael-grid-post-holder\">\n            <div class=\"eael-grid-post-holder-inner\"><div class=\"eael-entry-media\"><div class=\"eael-entry-overlay fade-in\"><i class=\"far fa-eye\" aria-hidden=\"true\"><\/i><a href=\"http:\/\/www.marcasal.es\/en\/voco-madrid\/\"><\/a><\/div><div class=\"eael-entry-thumbnail eael-image-ratio\">\n                 <img decoding=\"async\" width=\"800\" height=\"533\" data-src=\"https:\/\/www.marcasal.es\/wp-content\/uploads\/2024\/12\/Marcasal_vocomadrid-1024x682.jpg\" class=\"attachment-large size-large wp-image-5793 lazyload\" alt=\"\" data-srcset=\"https:\/\/www.marcasal.es\/wp-content\/uploads\/2024\/12\/Marcasal_vocomadrid-1024x682.jpg 1024w, https:\/\/www.marcasal.es\/wp-content\/uploads\/2024\/12\/Marcasal_vocomadrid-300x200.jpg 300w, https:\/\/www.marcasal.es\/wp-content\/uploads\/2024\/12\/Marcasal_vocomadrid-768x512.jpg 768w, https:\/\/www.marcasal.es\/wp-content\/uploads\/2024\/12\/Marcasal_vocomadrid-1536x1023.jpg 1536w, https:\/\/www.marcasal.es\/wp-content\/uploads\/2024\/12\/Marcasal_vocomadrid-18x12.jpg 18w, https:\/\/www.marcasal.es\/wp-content\/uploads\/2024\/12\/Marcasal_vocomadrid.jpg 1999w\" data-sizes=\"(max-width: 800px) 100vw, 800px\" src=\"data:image\/svg+xml;base64,PHN2ZyB3aWR0aD0iMSIgaGVpZ2h0PSIxIiB4bWxucz0iaHR0cDovL3d3dy53My5vcmcvMjAwMC9zdmciPjwvc3ZnPg==\" style=\"--smush-placeholder-width: 800px; --smush-placeholder-aspect-ratio: 800\/533;\" \/>\n             <\/div>\n        <\/div><div class=\"eael-entry-wrapper\"><header class=\"eael-entry-header\"><h2 class=\"eael-entry-title\"><a class=\"eael-grid-post-link\" href=\"http:\/\/www.marcasal.es\/en\/voco-madrid\/\" title=\"VOCO Madrid\">VOCO Madrid<\/a><\/h2><\/header><\/div><\/div>\n        <\/div>\n    <\/article><article class=\"eael-grid-post  eael-post-grid-column eael-pg-post-5658 category-hoteles\" data-id=\"5658\">\n        <div class=\"eael-grid-post-holder\">\n            <div class=\"eael-grid-post-holder-inner\"><div class=\"eael-entry-media\"><div class=\"eael-entry-overlay fade-in\"><i class=\"far fa-eye\" aria-hidden=\"true\"><\/i><a href=\"http:\/\/www.marcasal.es\/en\/regina-hotel\/\"><\/a><\/div><div class=\"eael-entry-thumbnail eael-image-ratio\">\n                 <img decoding=\"async\" width=\"800\" height=\"533\" data-src=\"https:\/\/www.marcasal.es\/wp-content\/uploads\/2024\/10\/Marcasal-sofa-Regina-e1733237356708.jpg\" class=\"attachment-large size-large wp-image-5729 lazyload\" alt=\"\" data-srcset=\"https:\/\/www.marcasal.es\/wp-content\/uploads\/2024\/10\/Marcasal-sofa-Regina-e1733237356708.jpg 1024w, https:\/\/www.marcasal.es\/wp-content\/uploads\/2024\/10\/Marcasal-sofa-Regina-e1733237356708-300x200.jpg 300w, https:\/\/www.marcasal.es\/wp-content\/uploads\/2024\/10\/Marcasal-sofa-Regina-e1733237356708-768x512.jpg 768w, https:\/\/www.marcasal.es\/wp-content\/uploads\/2024\/10\/Marcasal-sofa-Regina-e1733237356708-18x12.jpg 18w\" data-sizes=\"(max-width: 800px) 100vw, 800px\" src=\"data:image\/svg+xml;base64,PHN2ZyB3aWR0aD0iMSIgaGVpZ2h0PSIxIiB4bWxucz0iaHR0cDovL3d3dy53My5vcmcvMjAwMC9zdmciPjwvc3ZnPg==\" style=\"--smush-placeholder-width: 800px; --smush-placeholder-aspect-ratio: 800\/533;\" \/>\n             <\/div>\n        <\/div><div class=\"eael-entry-wrapper\"><header class=\"eael-entry-header\"><h2 class=\"eael-entry-title\"><a class=\"eael-grid-post-link\" href=\"http:\/\/www.marcasal.es\/en\/regina-hotel\/\" title=\"Regina Hotel\">Regina Hotel<\/a><\/h2><\/header><\/div><\/div>\n        <\/div>\n    <\/article><article class=\"eael-grid-post  eael-post-grid-column eael-pg-post-5615 category-otros\" data-id=\"5615\">\n        <div class=\"eael-grid-post-holder\">\n            <div class=\"eael-grid-post-holder-inner\"><div class=\"eael-entry-media\"><div class=\"eael-entry-overlay fade-in\"><i class=\"far fa-eye\" aria-hidden=\"true\"><\/i><a href=\"http:\/\/www.marcasal.es\/en\/show-room-cotlin\/\"><\/a><\/div><div class=\"eael-entry-thumbnail eael-image-ratio\">\n                 <img decoding=\"async\" width=\"800\" height=\"533\" data-src=\"https:\/\/www.marcasal.es\/wp-content\/uploads\/2024\/10\/Marcasal-Showroom-Cotlin-1024x682.jpeg\" class=\"attachment-large size-large wp-image-5668 lazyload\" alt=\"\" data-srcset=\"https:\/\/www.marcasal.es\/wp-content\/uploads\/2024\/10\/Marcasal-Showroom-Cotlin-1024x682.jpeg 1024w, https:\/\/www.marcasal.es\/wp-content\/uploads\/2024\/10\/Marcasal-Showroom-Cotlin-300x200.jpeg 300w, https:\/\/www.marcasal.es\/wp-content\/uploads\/2024\/10\/Marcasal-Showroom-Cotlin-768x512.jpeg 768w, https:\/\/www.marcasal.es\/wp-content\/uploads\/2024\/10\/Marcasal-Showroom-Cotlin-1536x1023.jpeg 1536w, https:\/\/www.marcasal.es\/wp-content\/uploads\/2024\/10\/Marcasal-Showroom-Cotlin-2048x1365.jpeg 2048w, https:\/\/www.marcasal.es\/wp-content\/uploads\/2024\/10\/Marcasal-Showroom-Cotlin-18x12.jpeg 18w\" data-sizes=\"(max-width: 800px) 100vw, 800px\" src=\"data:image\/svg+xml;base64,PHN2ZyB3aWR0aD0iMSIgaGVpZ2h0PSIxIiB4bWxucz0iaHR0cDovL3d3dy53My5vcmcvMjAwMC9zdmciPjwvc3ZnPg==\" style=\"--smush-placeholder-width: 800px; --smush-placeholder-aspect-ratio: 800\/533;\" \/>\n             <\/div>\n        <\/div><div class=\"eael-entry-wrapper\"><header class=\"eael-entry-header\"><h2 class=\"eael-entry-title\"><a class=\"eael-grid-post-link\" href=\"http:\/\/www.marcasal.es\/en\/show-room-cotlin\/\" title=\"Show Room Cotlin\u200b\">Show Room Cotlin\u200b<\/a><\/h2><\/header><\/div><\/div>\n        <\/div>\n    <\/article><article class=\"eael-grid-post  eael-post-grid-column eael-pg-post-5489 category-restauracion\" data-id=\"5489\">\n        <div class=\"eael-grid-post-holder\">\n            <div class=\"eael-grid-post-holder-inner\"><div class=\"eael-entry-media\"><div class=\"eael-entry-overlay fade-in\"><i class=\"far fa-eye\" aria-hidden=\"true\"><\/i><a href=\"http:\/\/www.marcasal.es\/en\/restaurante-brutus\/\"><\/a><\/div><div class=\"eael-entry-thumbnail eael-image-ratio\">\n                 <img decoding=\"async\" width=\"800\" height=\"533\" data-src=\"https:\/\/www.marcasal.es\/wp-content\/uploads\/2024\/09\/Marcasal_Brutus_DSCF2383-e1729162780936-1024x682.jpg\" class=\"attachment-large size-large wp-image-5496 lazyload\" alt=\"\" data-srcset=\"https:\/\/www.marcasal.es\/wp-content\/uploads\/2024\/09\/Marcasal_Brutus_DSCF2383-e1729162780936-1024x682.jpg 1024w, https:\/\/www.marcasal.es\/wp-content\/uploads\/2024\/09\/Marcasal_Brutus_DSCF2383-e1729162780936-300x200.jpg 300w, https:\/\/www.marcasal.es\/wp-content\/uploads\/2024\/09\/Marcasal_Brutus_DSCF2383-e1729162780936-768x512.jpg 768w, https:\/\/www.marcasal.es\/wp-content\/uploads\/2024\/09\/Marcasal_Brutus_DSCF2383-e1729162780936-1536x1024.jpg 1536w, https:\/\/www.marcasal.es\/wp-content\/uploads\/2024\/09\/Marcasal_Brutus_DSCF2383-e1729162780936-2048x1365.jpg 2048w, https:\/\/www.marcasal.es\/wp-content\/uploads\/2024\/09\/Marcasal_Brutus_DSCF2383-e1729162780936-18x12.jpg 18w\" data-sizes=\"(max-width: 800px) 100vw, 800px\" src=\"data:image\/svg+xml;base64,PHN2ZyB3aWR0aD0iMSIgaGVpZ2h0PSIxIiB4bWxucz0iaHR0cDovL3d3dy53My5vcmcvMjAwMC9zdmciPjwvc3ZnPg==\" style=\"--smush-placeholder-width: 800px; --smush-placeholder-aspect-ratio: 800\/533;\" \/>\n             <\/div>\n        <\/div><div class=\"eael-entry-wrapper\"><header class=\"eael-entry-header\"><h2 class=\"eael-entry-title\"><a class=\"eael-grid-post-link\" href=\"http:\/\/www.marcasal.es\/en\/restaurante-brutus\/\" title=\"Restaurante Brutus\">Restaurante Brutus<\/a><\/h2><\/header><\/div><\/div>\n        <\/div>\n    <\/article><article class=\"eael-grid-post  eael-post-grid-column eael-pg-post-5469 category-hoteles\" data-id=\"5469\">\n        <div class=\"eael-grid-post-holder\">\n            <div class=\"eael-grid-post-holder-inner\"><div class=\"eael-entry-media\"><div class=\"eael-entry-overlay fade-in\"><i class=\"far fa-eye\" aria-hidden=\"true\"><\/i><a href=\"http:\/\/www.marcasal.es\/en\/ac-gava-mar\/\"><\/a><\/div><div class=\"eael-entry-thumbnail eael-image-ratio\">\n                 <img decoding=\"async\" width=\"800\" height=\"533\" data-src=\"https:\/\/www.marcasal.es\/wp-content\/uploads\/2024\/09\/Marcasal-Gava-Mar-discoteca-1024x682.jpg\" class=\"attachment-large size-large wp-image-5550 lazyload\" alt=\"\" data-srcset=\"https:\/\/www.marcasal.es\/wp-content\/uploads\/2024\/09\/Marcasal-Gava-Mar-discoteca-1024x682.jpg 1024w, https:\/\/www.marcasal.es\/wp-content\/uploads\/2024\/09\/Marcasal-Gava-Mar-discoteca-300x200.jpg 300w, https:\/\/www.marcasal.es\/wp-content\/uploads\/2024\/09\/Marcasal-Gava-Mar-discoteca-768x512.jpg 768w, https:\/\/www.marcasal.es\/wp-content\/uploads\/2024\/09\/Marcasal-Gava-Mar-discoteca-18x12.jpg 18w, https:\/\/www.marcasal.es\/wp-content\/uploads\/2024\/09\/Marcasal-Gava-Mar-discoteca.jpg 1400w\" data-sizes=\"(max-width: 800px) 100vw, 800px\" src=\"data:image\/svg+xml;base64,PHN2ZyB3aWR0aD0iMSIgaGVpZ2h0PSIxIiB4bWxucz0iaHR0cDovL3d3dy53My5vcmcvMjAwMC9zdmciPjwvc3ZnPg==\" style=\"--smush-placeholder-width: 800px; --smush-placeholder-aspect-ratio: 800\/533;\" \/>\n             <\/div>\n        <\/div><div class=\"eael-entry-wrapper\"><header class=\"eael-entry-header\"><h2 class=\"eael-entry-title\"><a class=\"eael-grid-post-link\" href=\"http:\/\/www.marcasal.es\/en\/ac-gava-mar\/\" title=\"AC GAV\u00c0 MAR\">AC GAV\u00c0 MAR<\/a><\/h2><\/header><\/div><\/div>\n        <\/div>\n    <\/article><article class=\"eael-grid-post  eael-post-grid-column eael-pg-post-5293 category-hoteles\" data-id=\"5293\">\n        <div class=\"eael-grid-post-holder\">\n            <div class=\"eael-grid-post-holder-inner\"><div class=\"eael-entry-media\"><div class=\"eael-entry-overlay fade-in\"><i class=\"far fa-eye\" aria-hidden=\"true\"><\/i><a href=\"http:\/\/www.marcasal.es\/en\/ibiza-gran-hotel\/\"><\/a><\/div><div class=\"eael-entry-thumbnail eael-image-ratio\">\n                 <img decoding=\"async\" width=\"800\" height=\"526\" data-src=\"https:\/\/www.marcasal.es\/wp-content\/uploads\/2024\/09\/Marcasal-Ibiza-Gran-Hotel-butacas-e1727347581736-1024x673.jpg\" class=\"attachment-large size-large wp-image-5524 lazyload\" alt=\"\" data-srcset=\"https:\/\/www.marcasal.es\/wp-content\/uploads\/2024\/09\/Marcasal-Ibiza-Gran-Hotel-butacas-e1727347581736-1024x673.jpg 1024w, https:\/\/www.marcasal.es\/wp-content\/uploads\/2024\/09\/Marcasal-Ibiza-Gran-Hotel-butacas-e1727347581736-300x197.jpg 300w, https:\/\/www.marcasal.es\/wp-content\/uploads\/2024\/09\/Marcasal-Ibiza-Gran-Hotel-butacas-e1727347581736-768x505.jpg 768w, https:\/\/www.marcasal.es\/wp-content\/uploads\/2024\/09\/Marcasal-Ibiza-Gran-Hotel-butacas-e1727347581736-18x12.jpg 18w, https:\/\/www.marcasal.es\/wp-content\/uploads\/2024\/09\/Marcasal-Ibiza-Gran-Hotel-butacas-e1727347581736.jpg 1080w\" data-sizes=\"(max-width: 800px) 100vw, 800px\" src=\"data:image\/svg+xml;base64,PHN2ZyB3aWR0aD0iMSIgaGVpZ2h0PSIxIiB4bWxucz0iaHR0cDovL3d3dy53My5vcmcvMjAwMC9zdmciPjwvc3ZnPg==\" style=\"--smush-placeholder-width: 800px; --smush-placeholder-aspect-ratio: 800\/526;\" \/>\n             <\/div>\n        <\/div><div class=\"eael-entry-wrapper\"><header class=\"eael-entry-header\"><h2 class=\"eael-entry-title\"><a class=\"eael-grid-post-link\" href=\"http:\/\/www.marcasal.es\/en\/ibiza-gran-hotel\/\" title=\"IBIZA GRAN HOTEL\">IBIZA GRAN HOTEL<\/a><\/h2><\/header><\/div><\/div>\n        <\/div>\n    <\/article><article class=\"eael-grid-post  eael-post-grid-column eael-pg-post-5442 category-hoteles\" data-id=\"5442\">\n        <div class=\"eael-grid-post-holder\">\n            <div class=\"eael-grid-post-holder-inner\"><div class=\"eael-entry-media\"><div class=\"eael-entry-overlay fade-in\"><i class=\"far fa-eye\" aria-hidden=\"true\"><\/i><a href=\"http:\/\/www.marcasal.es\/en\/hesperia-presidente\/\"><\/a><\/div><div class=\"eael-entry-thumbnail eael-image-ratio\">\n                 <img decoding=\"async\" width=\"800\" height=\"528\" data-src=\"https:\/\/www.marcasal.es\/wp-content\/uploads\/2024\/09\/hotel-hesperia-presidente-lobby1-e1727166165855-1024x676.jpg\" class=\"attachment-large size-large wp-image-5448 lazyload\" alt=\"\" data-srcset=\"https:\/\/www.marcasal.es\/wp-content\/uploads\/2024\/09\/hotel-hesperia-presidente-lobby1-e1727166165855-1024x676.jpg 1024w, https:\/\/www.marcasal.es\/wp-content\/uploads\/2024\/09\/hotel-hesperia-presidente-lobby1-e1727166165855-300x198.jpg 300w, https:\/\/www.marcasal.es\/wp-content\/uploads\/2024\/09\/hotel-hesperia-presidente-lobby1-e1727166165855-768x507.jpg 768w, https:\/\/www.marcasal.es\/wp-content\/uploads\/2024\/09\/hotel-hesperia-presidente-lobby1-e1727166165855-18x12.jpg 18w, https:\/\/www.marcasal.es\/wp-content\/uploads\/2024\/09\/hotel-hesperia-presidente-lobby1-e1727166165855.jpg 1161w\" data-sizes=\"(max-width: 800px) 100vw, 800px\" src=\"data:image\/svg+xml;base64,PHN2ZyB3aWR0aD0iMSIgaGVpZ2h0PSIxIiB4bWxucz0iaHR0cDovL3d3dy53My5vcmcvMjAwMC9zdmciPjwvc3ZnPg==\" style=\"--smush-placeholder-width: 800px; --smush-placeholder-aspect-ratio: 800\/528;\" \/>\n             <\/div>\n        <\/div><div class=\"eael-entry-wrapper\"><header class=\"eael-entry-header\"><h2 class=\"eael-entry-title\"><a class=\"eael-grid-post-link\" href=\"http:\/\/www.marcasal.es\/en\/hesperia-presidente\/\" title=\"Hesperia Presidente\">Hesperia Presidente<\/a><\/h2><\/header><\/div><\/div>\n        <\/div>\n    <\/article><article class=\"eael-grid-post  eael-post-grid-column eael-pg-post-5216 category-hoteles\" data-id=\"5216\">\n        <div class=\"eael-grid-post-holder\">\n            <div class=\"eael-grid-post-holder-inner\"><div class=\"eael-entry-media\"><div class=\"eael-entry-overlay fade-in\"><i class=\"far fa-eye\" aria-hidden=\"true\"><\/i><a href=\"http:\/\/www.marcasal.es\/en\/hesperia-sevilla\/\"><\/a><\/div><div class=\"eael-entry-thumbnail eael-image-ratio\">\n                 <img decoding=\"async\" width=\"800\" height=\"533\" data-src=\"https:\/\/www.marcasal.es\/wp-content\/uploads\/2024\/06\/hotel-hesperia-sevilla-lobby-sillones2-en-tamano-grande-1024x682.jpeg\" class=\"attachment-large size-large wp-image-5238 lazyload\" alt=\"\" data-srcset=\"https:\/\/www.marcasal.es\/wp-content\/uploads\/2024\/06\/hotel-hesperia-sevilla-lobby-sillones2-en-tamano-grande-1024x682.jpeg 1024w, https:\/\/www.marcasal.es\/wp-content\/uploads\/2024\/06\/hotel-hesperia-sevilla-lobby-sillones2-en-tamano-grande-300x200.jpeg 300w, https:\/\/www.marcasal.es\/wp-content\/uploads\/2024\/06\/hotel-hesperia-sevilla-lobby-sillones2-en-tamano-grande-768x512.jpeg 768w, https:\/\/www.marcasal.es\/wp-content\/uploads\/2024\/06\/hotel-hesperia-sevilla-lobby-sillones2-en-tamano-grande-18x12.jpeg 18w, https:\/\/www.marcasal.es\/wp-content\/uploads\/2024\/06\/hotel-hesperia-sevilla-lobby-sillones2-en-tamano-grande.jpeg 1280w\" data-sizes=\"(max-width: 800px) 100vw, 800px\" src=\"data:image\/svg+xml;base64,PHN2ZyB3aWR0aD0iMSIgaGVpZ2h0PSIxIiB4bWxucz0iaHR0cDovL3d3dy53My5vcmcvMjAwMC9zdmciPjwvc3ZnPg==\" style=\"--smush-placeholder-width: 800px; --smush-placeholder-aspect-ratio: 800\/533;\" \/>\n             <\/div>\n        <\/div><div class=\"eael-entry-wrapper\"><header class=\"eael-entry-header\"><h2 class=\"eael-entry-title\"><a class=\"eael-grid-post-link\" href=\"http:\/\/www.marcasal.es\/en\/hesperia-sevilla\/\" title=\"HESPERIA SEVILLA\u200b\">HESPERIA SEVILLA\u200b<\/a><\/h2><\/header><\/div><\/div>\n        <\/div>\n    <\/article><article class=\"eael-grid-post  eael-post-grid-column eael-pg-post-4619 category-otros\" data-id=\"4619\">\n        <div class=\"eael-grid-post-holder\">\n            <div class=\"eael-grid-post-holder-inner\"><div class=\"eael-entry-media\"><div class=\"eael-entry-overlay fade-in\"><i class=\"far fa-eye\" aria-hidden=\"true\"><\/i><a href=\"http:\/\/www.marcasal.es\/en\/juno-house-club\/\"><\/a><\/div><div class=\"eael-entry-thumbnail eael-image-ratio\">\n                 <img decoding=\"async\" width=\"800\" height=\"534\" data-src=\"https:\/\/www.marcasal.es\/wp-content\/uploads\/2024\/06\/Marcasal_junohouse_sofas-1024x683.jpg\" class=\"attachment-large size-large wp-image-5266 lazyload\" alt=\"\" data-srcset=\"https:\/\/www.marcasal.es\/wp-content\/uploads\/2024\/06\/Marcasal_junohouse_sofas-1024x683.jpg 1024w, https:\/\/www.marcasal.es\/wp-content\/uploads\/2024\/06\/Marcasal_junohouse_sofas-300x200.jpg 300w, https:\/\/www.marcasal.es\/wp-content\/uploads\/2024\/06\/Marcasal_junohouse_sofas-768x512.jpg 768w, https:\/\/www.marcasal.es\/wp-content\/uploads\/2024\/06\/Marcasal_junohouse_sofas-1536x1024.jpg 1536w, https:\/\/www.marcasal.es\/wp-content\/uploads\/2024\/06\/Marcasal_junohouse_sofas-18x12.jpg 18w, https:\/\/www.marcasal.es\/wp-content\/uploads\/2024\/06\/Marcasal_junohouse_sofas.jpg 1920w\" data-sizes=\"(max-width: 800px) 100vw, 800px\" src=\"data:image\/svg+xml;base64,PHN2ZyB3aWR0aD0iMSIgaGVpZ2h0PSIxIiB4bWxucz0iaHR0cDovL3d3dy53My5vcmcvMjAwMC9zdmciPjwvc3ZnPg==\" style=\"--smush-placeholder-width: 800px; --smush-placeholder-aspect-ratio: 800\/534;\" \/>\n             <\/div>\n        <\/div><div class=\"eael-entry-wrapper\"><header class=\"eael-entry-header\"><h2 class=\"eael-entry-title\"><a class=\"eael-grid-post-link\" href=\"http:\/\/www.marcasal.es\/en\/juno-house-club\/\" title=\"Juno House Club\">Juno House Club<\/a><\/h2><\/header><\/div><\/div>\n        <\/div>\n    <\/article><article class=\"eael-grid-post  eael-post-grid-column eael-pg-post-5042 category-hoteles\" data-id=\"5042\">\n        <div class=\"eael-grid-post-holder\">\n            <div class=\"eael-grid-post-holder-inner\"><div class=\"eael-entry-media\"><div class=\"eael-entry-overlay fade-in\"><i class=\"far fa-eye\" aria-hidden=\"true\"><\/i><a href=\"http:\/\/www.marcasal.es\/en\/hotel-rialto\/\"><\/a><\/div><div class=\"eael-entry-thumbnail eael-image-ratio\">\n                 <img decoding=\"async\" width=\"800\" height=\"534\" data-src=\"https:\/\/www.marcasal.es\/wp-content\/uploads\/2023\/09\/Marcasal_rialto_tapizado-1024x683.jpeg\" class=\"attachment-large size-large wp-image-5045 lazyload\" alt=\"\" data-srcset=\"https:\/\/www.marcasal.es\/wp-content\/uploads\/2023\/09\/Marcasal_rialto_tapizado-1024x683.jpeg 1024w, https:\/\/www.marcasal.es\/wp-content\/uploads\/2023\/09\/Marcasal_rialto_tapizado-300x200.jpeg 300w, https:\/\/www.marcasal.es\/wp-content\/uploads\/2023\/09\/Marcasal_rialto_tapizado-768x512.jpeg 768w, https:\/\/www.marcasal.es\/wp-content\/uploads\/2023\/09\/Marcasal_rialto_tapizado-18x12.jpeg 18w, https:\/\/www.marcasal.es\/wp-content\/uploads\/2023\/09\/Marcasal_rialto_tapizado.jpeg 1500w\" data-sizes=\"(max-width: 800px) 100vw, 800px\" src=\"data:image\/svg+xml;base64,PHN2ZyB3aWR0aD0iMSIgaGVpZ2h0PSIxIiB4bWxucz0iaHR0cDovL3d3dy53My5vcmcvMjAwMC9zdmciPjwvc3ZnPg==\" style=\"--smush-placeholder-width: 800px; --smush-placeholder-aspect-ratio: 800\/534;\" \/>\n             <\/div>\n        <\/div><div class=\"eael-entry-wrapper\"><header class=\"eael-entry-header\"><h2 class=\"eael-entry-title\"><a class=\"eael-grid-post-link\" href=\"http:\/\/www.marcasal.es\/en\/hotel-rialto\/\" title=\"Hotel Rialto\">Hotel Rialto<\/a><\/h2><\/header><\/div><\/div>\n        <\/div>\n    <\/article><article class=\"eael-grid-post  eael-post-grid-column eael-pg-post-5168 category-hoteles\" data-id=\"5168\">\n        <div class=\"eael-grid-post-holder\">\n            <div class=\"eael-grid-post-holder-inner\"><div class=\"eael-entry-media\"><div class=\"eael-entry-overlay fade-in\"><i class=\"far fa-eye\" aria-hidden=\"true\"><\/i><a href=\"http:\/\/www.marcasal.es\/en\/sabatic-sitges\/\"><\/a><\/div><div class=\"eael-entry-thumbnail eael-image-ratio\">\n                 <img decoding=\"async\" width=\"800\" height=\"527\" data-src=\"https:\/\/www.marcasal.es\/wp-content\/uploads\/2023\/12\/Marcasal_hotelSabatic_terraza-e1701627463729-1024x674.jpg\" class=\"attachment-large size-large wp-image-5189 lazyload\" alt=\"\" data-srcset=\"https:\/\/www.marcasal.es\/wp-content\/uploads\/2023\/12\/Marcasal_hotelSabatic_terraza-e1701627463729-1024x674.jpg 1024w, https:\/\/www.marcasal.es\/wp-content\/uploads\/2023\/12\/Marcasal_hotelSabatic_terraza-e1701627463729-300x197.jpg 300w, https:\/\/www.marcasal.es\/wp-content\/uploads\/2023\/12\/Marcasal_hotelSabatic_terraza-e1701627463729-768x505.jpg 768w, https:\/\/www.marcasal.es\/wp-content\/uploads\/2023\/12\/Marcasal_hotelSabatic_terraza-e1701627463729-1536x1011.jpg 1536w, https:\/\/www.marcasal.es\/wp-content\/uploads\/2023\/12\/Marcasal_hotelSabatic_terraza-e1701627463729-2048x1348.jpg 2048w, https:\/\/www.marcasal.es\/wp-content\/uploads\/2023\/12\/Marcasal_hotelSabatic_terraza-e1701627463729-18x12.jpg 18w\" data-sizes=\"(max-width: 800px) 100vw, 800px\" src=\"data:image\/svg+xml;base64,PHN2ZyB3aWR0aD0iMSIgaGVpZ2h0PSIxIiB4bWxucz0iaHR0cDovL3d3dy53My5vcmcvMjAwMC9zdmciPjwvc3ZnPg==\" style=\"--smush-placeholder-width: 800px; --smush-placeholder-aspect-ratio: 800\/527;\" \/>\n             <\/div>\n        <\/div><div class=\"eael-entry-wrapper\"><header class=\"eael-entry-header\"><h2 class=\"eael-entry-title\"><a class=\"eael-grid-post-link\" href=\"http:\/\/www.marcasal.es\/en\/sabatic-sitges\/\" title=\"Sabatic Sitges\">Sabatic Sitges<\/a><\/h2><\/header><\/div><\/div>\n        <\/div>\n    <\/article><article class=\"eael-grid-post  eael-post-grid-column eael-pg-post-4571 category-apartamentos\" data-id=\"4571\">\n        <div class=\"eael-grid-post-holder\">\n            <div class=\"eael-grid-post-holder-inner\"><div class=\"eael-entry-media\"><div class=\"eael-entry-overlay fade-in\"><i class=\"far fa-eye\" aria-hidden=\"true\"><\/i><a href=\"http:\/\/www.marcasal.es\/en\/jazzbcn\/\"><\/a><\/div><div class=\"eael-entry-thumbnail eael-image-ratio\">\n                 <img decoding=\"async\" width=\"800\" height=\"533\" data-src=\"https:\/\/www.marcasal.es\/wp-content\/uploads\/2023\/05\/Marcasal_Hostal_jazzapartaments-1024x682.jpeg\" class=\"attachment-large size-large wp-image-5142 lazyload\" alt=\"\" data-srcset=\"https:\/\/www.marcasal.es\/wp-content\/uploads\/2023\/05\/Marcasal_Hostal_jazzapartaments-1024x682.jpeg 1024w, https:\/\/www.marcasal.es\/wp-content\/uploads\/2023\/05\/Marcasal_Hostal_jazzapartaments-300x200.jpeg 300w, https:\/\/www.marcasal.es\/wp-content\/uploads\/2023\/05\/Marcasal_Hostal_jazzapartaments-768x512.jpeg 768w, https:\/\/www.marcasal.es\/wp-content\/uploads\/2023\/05\/Marcasal_Hostal_jazzapartaments-18x12.jpeg 18w, https:\/\/www.marcasal.es\/wp-content\/uploads\/2023\/05\/Marcasal_Hostal_jazzapartaments.jpeg 1280w\" data-sizes=\"(max-width: 800px) 100vw, 800px\" src=\"data:image\/svg+xml;base64,PHN2ZyB3aWR0aD0iMSIgaGVpZ2h0PSIxIiB4bWxucz0iaHR0cDovL3d3dy53My5vcmcvMjAwMC9zdmciPjwvc3ZnPg==\" style=\"--smush-placeholder-width: 800px; --smush-placeholder-aspect-ratio: 800\/533;\" \/>\n             <\/div>\n        <\/div><div class=\"eael-entry-wrapper\"><header class=\"eael-entry-header\"><h2 class=\"eael-entry-title\"><a class=\"eael-grid-post-link\" href=\"http:\/\/www.marcasal.es\/en\/jazzbcn\/\" title=\"JazzBcn\">JazzBcn<\/a><\/h2><\/header><\/div><\/div>\n        <\/div>\n    <\/article><article class=\"eael-grid-post  eael-post-grid-column eael-pg-post-4912 category-hoteles\" data-id=\"4912\">\n        <div class=\"eael-grid-post-holder\">\n            <div class=\"eael-grid-post-holder-inner\"><div class=\"eael-entry-media\"><div class=\"eael-entry-overlay fade-in\"><i class=\"far fa-eye\" aria-hidden=\"true\"><\/i><a href=\"http:\/\/www.marcasal.es\/en\/hotel-la-torre-del-remei\/\"><\/a><\/div><div class=\"eael-entry-thumbnail eael-image-ratio\">\n                 <img decoding=\"async\" width=\"800\" height=\"526\" data-src=\"https:\/\/www.marcasal.es\/wp-content\/uploads\/2023\/09\/Marcasal_Torre-de-remei-e1697535640274-1024x673.jpeg\" class=\"attachment-large size-large wp-image-4964 lazyload\" alt=\"\" data-srcset=\"https:\/\/www.marcasal.es\/wp-content\/uploads\/2023\/09\/Marcasal_Torre-de-remei-e1697535640274-1024x673.jpeg 1024w, https:\/\/www.marcasal.es\/wp-content\/uploads\/2023\/09\/Marcasal_Torre-de-remei-e1697535640274-300x197.jpeg 300w, https:\/\/www.marcasal.es\/wp-content\/uploads\/2023\/09\/Marcasal_Torre-de-remei-e1697535640274-768x505.jpeg 768w, https:\/\/www.marcasal.es\/wp-content\/uploads\/2023\/09\/Marcasal_Torre-de-remei-e1697535640274-18x12.jpeg 18w, https:\/\/www.marcasal.es\/wp-content\/uploads\/2023\/09\/Marcasal_Torre-de-remei-e1697535640274.jpeg 1262w\" data-sizes=\"(max-width: 800px) 100vw, 800px\" src=\"data:image\/svg+xml;base64,PHN2ZyB3aWR0aD0iMSIgaGVpZ2h0PSIxIiB4bWxucz0iaHR0cDovL3d3dy53My5vcmcvMjAwMC9zdmciPjwvc3ZnPg==\" style=\"--smush-placeholder-width: 800px; --smush-placeholder-aspect-ratio: 800\/526;\" \/>\n             <\/div>\n        <\/div><div class=\"eael-entry-wrapper\"><header class=\"eael-entry-header\"><h2 class=\"eael-entry-title\"><a class=\"eael-grid-post-link\" href=\"http:\/\/www.marcasal.es\/en\/hotel-la-torre-del-remei\/\" title=\"Hotel La Torre del Remei\">Hotel La Torre del Remei<\/a><\/h2><\/header><\/div><\/div>\n        <\/div>\n    <\/article><article class=\"eael-grid-post  eael-post-grid-column eael-pg-post-5016 category-restauracion\" data-id=\"5016\">\n        <div class=\"eael-grid-post-holder\">\n            <div class=\"eael-grid-post-holder-inner\"><div class=\"eael-entry-media\"><div class=\"eael-entry-overlay fade-in\"><i class=\"far fa-eye\" aria-hidden=\"true\"><\/i><a href=\"http:\/\/www.marcasal.es\/en\/lamucca\/\"><\/a><\/div><div class=\"eael-entry-thumbnail eael-image-ratio\">\n                 <img decoding=\"async\" width=\"800\" height=\"527\" data-src=\"https:\/\/www.marcasal.es\/wp-content\/uploads\/2023\/09\/Marcasal_fishermans-e1697535693170-1024x674.jpeg\" class=\"attachment-large size-large wp-image-5019 lazyload\" alt=\"\" data-srcset=\"https:\/\/www.marcasal.es\/wp-content\/uploads\/2023\/09\/Marcasal_fishermans-e1697535693170-1024x674.jpeg 1024w, https:\/\/www.marcasal.es\/wp-content\/uploads\/2023\/09\/Marcasal_fishermans-e1697535693170-300x198.jpeg 300w, https:\/\/www.marcasal.es\/wp-content\/uploads\/2023\/09\/Marcasal_fishermans-e1697535693170-768x506.jpeg 768w, https:\/\/www.marcasal.es\/wp-content\/uploads\/2023\/09\/Marcasal_fishermans-e1697535693170-18x12.jpeg 18w, https:\/\/www.marcasal.es\/wp-content\/uploads\/2023\/09\/Marcasal_fishermans-e1697535693170.jpeg 1200w\" data-sizes=\"(max-width: 800px) 100vw, 800px\" src=\"data:image\/svg+xml;base64,PHN2ZyB3aWR0aD0iMSIgaGVpZ2h0PSIxIiB4bWxucz0iaHR0cDovL3d3dy53My5vcmcvMjAwMC9zdmciPjwvc3ZnPg==\" style=\"--smush-placeholder-width: 800px; --smush-placeholder-aspect-ratio: 800\/527;\" \/>\n             <\/div>\n        <\/div><div class=\"eael-entry-wrapper\"><header class=\"eael-entry-header\"><h2 class=\"eael-entry-title\"><a class=\"eael-grid-post-link\" href=\"http:\/\/www.marcasal.es\/en\/lamucca\/\" title=\"Lamucca\">Lamucca<\/a><\/h2><\/header><\/div><\/div>\n        <\/div>\n    <\/article><article class=\"eael-grid-post  eael-post-grid-column eael-pg-post-4976 category-otros\" data-id=\"4976\">\n        <div class=\"eael-grid-post-holder\">\n            <div class=\"eael-grid-post-holder-inner\"><div class=\"eael-entry-media\"><div class=\"eael-entry-overlay fade-in\"><i class=\"far fa-eye\" aria-hidden=\"true\"><\/i><a href=\"http:\/\/www.marcasal.es\/en\/santa-eulalia\/\"><\/a><\/div><div class=\"eael-entry-thumbnail eael-image-ratio\">\n                 <img decoding=\"async\" width=\"800\" height=\"527\" data-src=\"https:\/\/www.marcasal.es\/wp-content\/uploads\/2023\/09\/Marcasal_santaeulalia_interiores-e1697535574530-1024x674.jpeg\" class=\"attachment-large size-large wp-image-4979 lazyload\" alt=\"\" data-srcset=\"https:\/\/www.marcasal.es\/wp-content\/uploads\/2023\/09\/Marcasal_santaeulalia_interiores-e1697535574530-1024x674.jpeg 1024w, https:\/\/www.marcasal.es\/wp-content\/uploads\/2023\/09\/Marcasal_santaeulalia_interiores-e1697535574530-300x198.jpeg 300w, https:\/\/www.marcasal.es\/wp-content\/uploads\/2023\/09\/Marcasal_santaeulalia_interiores-e1697535574530-768x506.jpeg 768w, https:\/\/www.marcasal.es\/wp-content\/uploads\/2023\/09\/Marcasal_santaeulalia_interiores-e1697535574530-18x12.jpeg 18w, https:\/\/www.marcasal.es\/wp-content\/uploads\/2023\/09\/Marcasal_santaeulalia_interiores-e1697535574530.jpeg 1435w\" data-sizes=\"(max-width: 800px) 100vw, 800px\" src=\"data:image\/svg+xml;base64,PHN2ZyB3aWR0aD0iMSIgaGVpZ2h0PSIxIiB4bWxucz0iaHR0cDovL3d3dy53My5vcmcvMjAwMC9zdmciPjwvc3ZnPg==\" style=\"--smush-placeholder-width: 800px; --smush-placeholder-aspect-ratio: 800\/527;\" \/>\n             <\/div>\n        <\/div><div class=\"eael-entry-wrapper\"><header class=\"eael-entry-header\"><h2 class=\"eael-entry-title\"><a class=\"eael-grid-post-link\" href=\"http:\/\/www.marcasal.es\/en\/santa-eulalia\/\" title=\"Santa Eulalia\">Santa Eulalia<\/a><\/h2><\/header><\/div><\/div>\n        <\/div>\n    <\/article><article class=\"eael-grid-post  eael-post-grid-column eael-pg-post-4769 category-hoteles\" data-id=\"4769\">\n        <div class=\"eael-grid-post-holder\">\n            <div class=\"eael-grid-post-holder-inner\"><div class=\"eael-entry-media\"><div class=\"eael-entry-overlay fade-in\"><i class=\"far fa-eye\" aria-hidden=\"true\"><\/i><a href=\"http:\/\/www.marcasal.es\/en\/hotel-sofitel-barcelona-skipper\/\"><\/a><\/div><div class=\"eael-entry-thumbnail eael-image-ratio\">\n                 <img decoding=\"async\" width=\"800\" height=\"527\" data-src=\"https:\/\/www.marcasal.es\/wp-content\/uploads\/2023\/08\/Marcasal_Sofitel_diseno-interiores-e1697535450294-1024x674.jpeg\" class=\"attachment-large size-large wp-image-4777 lazyload\" alt=\"\" data-srcset=\"https:\/\/www.marcasal.es\/wp-content\/uploads\/2023\/08\/Marcasal_Sofitel_diseno-interiores-e1697535450294-1024x674.jpeg 1024w, https:\/\/www.marcasal.es\/wp-content\/uploads\/2023\/08\/Marcasal_Sofitel_diseno-interiores-e1697535450294-300x197.jpeg 300w, https:\/\/www.marcasal.es\/wp-content\/uploads\/2023\/08\/Marcasal_Sofitel_diseno-interiores-e1697535450294-768x506.jpeg 768w, https:\/\/www.marcasal.es\/wp-content\/uploads\/2023\/08\/Marcasal_Sofitel_diseno-interiores-e1697535450294-1536x1011.jpeg 1536w, https:\/\/www.marcasal.es\/wp-content\/uploads\/2023\/08\/Marcasal_Sofitel_diseno-interiores-e1697535450294-18x12.jpeg 18w, https:\/\/www.marcasal.es\/wp-content\/uploads\/2023\/08\/Marcasal_Sofitel_diseno-interiores-e1697535450294.jpeg 2048w\" data-sizes=\"(max-width: 800px) 100vw, 800px\" src=\"data:image\/svg+xml;base64,PHN2ZyB3aWR0aD0iMSIgaGVpZ2h0PSIxIiB4bWxucz0iaHR0cDovL3d3dy53My5vcmcvMjAwMC9zdmciPjwvc3ZnPg==\" style=\"--smush-placeholder-width: 800px; --smush-placeholder-aspect-ratio: 800\/527;\" \/>\n             <\/div>\n        <\/div><div class=\"eael-entry-wrapper\"><header class=\"eael-entry-header\"><h2 class=\"eael-entry-title\"><a class=\"eael-grid-post-link\" href=\"http:\/\/www.marcasal.es\/en\/hotel-sofitel-barcelona-skipper\/\" title=\"Hotel Sofitel Barcelona Skipper\">Hotel Sofitel Barcelona Skipper<\/a><\/h2><\/header><\/div><\/div>\n        <\/div>\n    <\/article><article class=\"eael-grid-post  eael-post-grid-column eael-pg-post-4624 category-hoteles\" data-id=\"4624\">\n        <div class=\"eael-grid-post-holder\">\n            <div class=\"eael-grid-post-holder-inner\"><div class=\"eael-entry-media\"><div class=\"eael-entry-overlay fade-in\"><i class=\"far fa-eye\" aria-hidden=\"true\"><\/i><a href=\"http:\/\/www.marcasal.es\/en\/hamptom-by-hilton\/\"><\/a><\/div><div class=\"eael-entry-thumbnail eael-image-ratio\">\n                 <img decoding=\"async\" width=\"800\" height=\"527\" data-src=\"https:\/\/www.marcasal.es\/wp-content\/uploads\/2023\/06\/Marcasal_Hampton_habitacion-e1697535750702-1024x674.jpeg\" class=\"attachment-large size-large wp-image-4694 lazyload\" alt=\"\" data-srcset=\"https:\/\/www.marcasal.es\/wp-content\/uploads\/2023\/06\/Marcasal_Hampton_habitacion-e1697535750702-1024x674.jpeg 1024w, https:\/\/www.marcasal.es\/wp-content\/uploads\/2023\/06\/Marcasal_Hampton_habitacion-e1697535750702-300x197.jpeg 300w, https:\/\/www.marcasal.es\/wp-content\/uploads\/2023\/06\/Marcasal_Hampton_habitacion-e1697535750702-768x505.jpeg 768w, https:\/\/www.marcasal.es\/wp-content\/uploads\/2023\/06\/Marcasal_Hampton_habitacion-e1697535750702-18x12.jpeg 18w, https:\/\/www.marcasal.es\/wp-content\/uploads\/2023\/06\/Marcasal_Hampton_habitacion-e1697535750702.jpeg 1280w\" data-sizes=\"(max-width: 800px) 100vw, 800px\" src=\"data:image\/svg+xml;base64,PHN2ZyB3aWR0aD0iMSIgaGVpZ2h0PSIxIiB4bWxucz0iaHR0cDovL3d3dy53My5vcmcvMjAwMC9zdmciPjwvc3ZnPg==\" style=\"--smush-placeholder-width: 800px; --smush-placeholder-aspect-ratio: 800\/527;\" \/>\n             <\/div>\n        <\/div><div class=\"eael-entry-wrapper\"><header class=\"eael-entry-header\"><h2 class=\"eael-entry-title\"><a class=\"eael-grid-post-link\" href=\"http:\/\/www.marcasal.es\/en\/hamptom-by-hilton\/\" title=\"Hampton by Hilton\">Hampton by Hilton<\/a><\/h2><\/header><\/div><\/div>\n        <\/div>\n    <\/article><article class=\"eael-grid-post  eael-post-grid-column eael-pg-post-4702 category-hoteles\" data-id=\"4702\">\n        <div class=\"eael-grid-post-holder\">\n            <div class=\"eael-grid-post-holder-inner\"><div class=\"eael-entry-media\"><div class=\"eael-entry-overlay fade-in\"><i class=\"far fa-eye\" aria-hidden=\"true\"><\/i><a href=\"http:\/\/www.marcasal.es\/en\/hotel-mandarin-oriental-barcelona\/\"><\/a><\/div><div class=\"eael-entry-thumbnail eael-image-ratio\">\n                 <img decoding=\"async\" width=\"800\" height=\"527\" data-src=\"https:\/\/www.marcasal.es\/wp-content\/uploads\/2023\/07\/Marcasal_Mandarin-e1697535779657-1024x674.jpeg\" class=\"attachment-large size-large wp-image-4764 lazyload\" alt=\"\" data-srcset=\"https:\/\/www.marcasal.es\/wp-content\/uploads\/2023\/07\/Marcasal_Mandarin-e1697535779657-1024x674.jpeg 1024w, https:\/\/www.marcasal.es\/wp-content\/uploads\/2023\/07\/Marcasal_Mandarin-e1697535779657-300x197.jpeg 300w, https:\/\/www.marcasal.es\/wp-content\/uploads\/2023\/07\/Marcasal_Mandarin-e1697535779657-768x505.jpeg 768w, https:\/\/www.marcasal.es\/wp-content\/uploads\/2023\/07\/Marcasal_Mandarin-e1697535779657-1536x1011.jpeg 1536w, https:\/\/www.marcasal.es\/wp-content\/uploads\/2023\/07\/Marcasal_Mandarin-e1697535779657-2048x1348.jpeg 2048w, https:\/\/www.marcasal.es\/wp-content\/uploads\/2023\/07\/Marcasal_Mandarin-e1697535779657-18x12.jpeg 18w\" data-sizes=\"(max-width: 800px) 100vw, 800px\" src=\"data:image\/svg+xml;base64,PHN2ZyB3aWR0aD0iMSIgaGVpZ2h0PSIxIiB4bWxucz0iaHR0cDovL3d3dy53My5vcmcvMjAwMC9zdmciPjwvc3ZnPg==\" style=\"--smush-placeholder-width: 800px; --smush-placeholder-aspect-ratio: 800\/527;\" \/>\n             <\/div>\n        <\/div><div class=\"eael-entry-wrapper\"><header class=\"eael-entry-header\"><h2 class=\"eael-entry-title\"><a class=\"eael-grid-post-link\" href=\"http:\/\/www.marcasal.es\/en\/hotel-mandarin-oriental-barcelona\/\" title=\"Hotel Mandar\u00edn Oriental Barcelona\">Hotel Mandar\u00edn Oriental Barcelona<\/a><\/h2><\/header><\/div><\/div>\n        <\/div>\n    <\/article><article class=\"eael-grid-post  eael-post-grid-column eael-pg-post-4634 category-hoteles\" data-id=\"4634\">\n        <div class=\"eael-grid-post-holder\">\n            <div class=\"eael-grid-post-holder-inner\"><div class=\"eael-entry-media\"><div class=\"eael-entry-overlay fade-in\"><i class=\"far fa-eye\" aria-hidden=\"true\"><\/i><a href=\"http:\/\/www.marcasal.es\/en\/hotel-caribe-port-aventura\/\"><\/a><\/div><div class=\"eael-entry-thumbnail eael-image-ratio\">\n                 <img decoding=\"async\" width=\"800\" height=\"527\" data-src=\"https:\/\/www.marcasal.es\/wp-content\/uploads\/2023\/07\/Marcasal_HotelCaribe_habitacion-e1697535203960.jpg\" class=\"attachment-large size-large wp-image-5127 lazyload\" alt=\"\" data-srcset=\"https:\/\/www.marcasal.es\/wp-content\/uploads\/2023\/07\/Marcasal_HotelCaribe_habitacion-e1697535203960.jpg 1024w, https:\/\/www.marcasal.es\/wp-content\/uploads\/2023\/07\/Marcasal_HotelCaribe_habitacion-e1697535203960-300x197.jpg 300w, https:\/\/www.marcasal.es\/wp-content\/uploads\/2023\/07\/Marcasal_HotelCaribe_habitacion-e1697535203960-768x506.jpg 768w, https:\/\/www.marcasal.es\/wp-content\/uploads\/2023\/07\/Marcasal_HotelCaribe_habitacion-e1697535203960-18x12.jpg 18w\" data-sizes=\"(max-width: 800px) 100vw, 800px\" src=\"data:image\/svg+xml;base64,PHN2ZyB3aWR0aD0iMSIgaGVpZ2h0PSIxIiB4bWxucz0iaHR0cDovL3d3dy53My5vcmcvMjAwMC9zdmciPjwvc3ZnPg==\" style=\"--smush-placeholder-width: 800px; --smush-placeholder-aspect-ratio: 800\/527;\" \/>\n             <\/div>\n        <\/div><div class=\"eael-entry-wrapper\"><header class=\"eael-entry-header\"><h2 class=\"eael-entry-title\"><a class=\"eael-grid-post-link\" href=\"http:\/\/www.marcasal.es\/en\/hotel-caribe-port-aventura\/\" title=\"Hotel Caribe Port Aventura\">Hotel Caribe Port Aventura<\/a><\/h2><\/header><\/div><\/div>\n        <\/div>\n    <\/article><article class=\"eael-grid-post  eael-post-grid-column eael-pg-post-4541 category-hoteles\" data-id=\"4541\">\n        <div class=\"eael-grid-post-holder\">\n            <div class=\"eael-grid-post-holder-inner\"><div class=\"eael-entry-media\"><div class=\"eael-entry-overlay fade-in\"><i class=\"far fa-eye\" aria-hidden=\"true\"><\/i><a href=\"http:\/\/www.marcasal.es\/en\/hostal-spa-empuries\/\"><\/a><\/div><div class=\"eael-entry-thumbnail eael-image-ratio\">\n                 <img decoding=\"async\" width=\"800\" height=\"526\" data-src=\"https:\/\/www.marcasal.es\/wp-content\/uploads\/2023\/07\/Marcasal_Hostal_Empuries_mediterranea-e1697535030948.jpeg\" class=\"attachment-large size-large wp-image-5125 lazyload\" alt=\"\" data-srcset=\"https:\/\/www.marcasal.es\/wp-content\/uploads\/2023\/07\/Marcasal_Hostal_Empuries_mediterranea-e1697535030948.jpeg 800w, https:\/\/www.marcasal.es\/wp-content\/uploads\/2023\/07\/Marcasal_Hostal_Empuries_mediterranea-e1697535030948-300x197.jpeg 300w, https:\/\/www.marcasal.es\/wp-content\/uploads\/2023\/07\/Marcasal_Hostal_Empuries_mediterranea-e1697535030948-768x505.jpeg 768w, https:\/\/www.marcasal.es\/wp-content\/uploads\/2023\/07\/Marcasal_Hostal_Empuries_mediterranea-e1697535030948-18x12.jpeg 18w\" data-sizes=\"(max-width: 800px) 100vw, 800px\" src=\"data:image\/svg+xml;base64,PHN2ZyB3aWR0aD0iMSIgaGVpZ2h0PSIxIiB4bWxucz0iaHR0cDovL3d3dy53My5vcmcvMjAwMC9zdmciPjwvc3ZnPg==\" style=\"--smush-placeholder-width: 800px; --smush-placeholder-aspect-ratio: 800\/526;\" \/>\n             <\/div>\n        <\/div><div class=\"eael-entry-wrapper\"><header class=\"eael-entry-header\"><h2 class=\"eael-entry-title\"><a class=\"eael-grid-post-link\" href=\"http:\/\/www.marcasal.es\/en\/hostal-spa-empuries\/\" title=\"Hostal Spa Emp\u00faries\">Hostal Spa Emp\u00faries<\/a><\/h2><\/header><\/div><\/div>\n        <\/div>\n    <\/article><article class=\"eael-grid-post  eael-post-grid-column eael-pg-post-4469 category-apartamentos\" data-id=\"4469\">\n        <div class=\"eael-grid-post-holder\">\n            <div class=\"eael-grid-post-holder-inner\"><div class=\"eael-entry-media\"><div class=\"eael-entry-overlay fade-in\"><i class=\"far fa-eye\" aria-hidden=\"true\"><\/i><a href=\"http:\/\/www.marcasal.es\/en\/suite-center-barcelona\/\"><\/a><\/div><div class=\"eael-entry-thumbnail eael-image-ratio\">\n                 <img decoding=\"async\" width=\"800\" height=\"527\" data-src=\"https:\/\/www.marcasal.es\/wp-content\/uploads\/2023\/05\/Marcasal_SuiteBarcelona_Sofa-1-e1697537177969.jpeg\" class=\"attachment-large size-large wp-image-4522 lazyload\" alt=\"\" data-srcset=\"https:\/\/www.marcasal.es\/wp-content\/uploads\/2023\/05\/Marcasal_SuiteBarcelona_Sofa-1-e1697537177969.jpeg 1024w, https:\/\/www.marcasal.es\/wp-content\/uploads\/2023\/05\/Marcasal_SuiteBarcelona_Sofa-1-e1697537177969-300x197.jpeg 300w, https:\/\/www.marcasal.es\/wp-content\/uploads\/2023\/05\/Marcasal_SuiteBarcelona_Sofa-1-e1697537177969-768x506.jpeg 768w, https:\/\/www.marcasal.es\/wp-content\/uploads\/2023\/05\/Marcasal_SuiteBarcelona_Sofa-1-e1697537177969-18x12.jpeg 18w\" data-sizes=\"(max-width: 800px) 100vw, 800px\" src=\"data:image\/svg+xml;base64,PHN2ZyB3aWR0aD0iMSIgaGVpZ2h0PSIxIiB4bWxucz0iaHR0cDovL3d3dy53My5vcmcvMjAwMC9zdmciPjwvc3ZnPg==\" style=\"--smush-placeholder-width: 800px; --smush-placeholder-aspect-ratio: 800\/527;\" \/>\n             <\/div>\n        <\/div><div class=\"eael-entry-wrapper\"><header class=\"eael-entry-header\"><h2 class=\"eael-entry-title\"><a class=\"eael-grid-post-link\" href=\"http:\/\/www.marcasal.es\/en\/suite-center-barcelona\/\" title=\"Suite Center Barcelona\">Suite Center Barcelona<\/a><\/h2><\/header><\/div><\/div>\n        <\/div>\n    <\/article><article class=\"eael-grid-post  eael-post-grid-column eael-pg-post-4436 category-restauracion\" data-id=\"4436\">\n        <div class=\"eael-grid-post-holder\">\n            <div class=\"eael-grid-post-holder-inner\"><div class=\"eael-entry-media\"><div class=\"eael-entry-overlay fade-in\"><i class=\"far fa-eye\" aria-hidden=\"true\"><\/i><a href=\"http:\/\/www.marcasal.es\/en\/flash-flash\/\"><\/a><\/div><div class=\"eael-entry-thumbnail eael-image-ratio\">\n                 <img decoding=\"async\" width=\"800\" height=\"527\" data-src=\"https:\/\/www.marcasal.es\/wp-content\/uploads\/2023\/04\/Marcasal_FlashFlash_interiorismo-e1697535390655-1024x674.jpeg\" class=\"attachment-large size-large wp-image-4442 lazyload\" alt=\"\" data-srcset=\"https:\/\/www.marcasal.es\/wp-content\/uploads\/2023\/04\/Marcasal_FlashFlash_interiorismo-e1697535390655-1024x674.jpeg 1024w, https:\/\/www.marcasal.es\/wp-content\/uploads\/2023\/04\/Marcasal_FlashFlash_interiorismo-e1697535390655-300x197.jpeg 300w, https:\/\/www.marcasal.es\/wp-content\/uploads\/2023\/04\/Marcasal_FlashFlash_interiorismo-e1697535390655-768x506.jpeg 768w, https:\/\/www.marcasal.es\/wp-content\/uploads\/2023\/04\/Marcasal_FlashFlash_interiorismo-e1697535390655-1536x1011.jpeg 1536w, https:\/\/www.marcasal.es\/wp-content\/uploads\/2023\/04\/Marcasal_FlashFlash_interiorismo-e1697535390655-18x12.jpeg 18w, https:\/\/www.marcasal.es\/wp-content\/uploads\/2023\/04\/Marcasal_FlashFlash_interiorismo-e1697535390655.jpeg 1545w\" data-sizes=\"(max-width: 800px) 100vw, 800px\" src=\"data:image\/svg+xml;base64,PHN2ZyB3aWR0aD0iMSIgaGVpZ2h0PSIxIiB4bWxucz0iaHR0cDovL3d3dy53My5vcmcvMjAwMC9zdmciPjwvc3ZnPg==\" style=\"--smush-placeholder-width: 800px; --smush-placeholder-aspect-ratio: 800\/527;\" \/>\n             <\/div>\n        <\/div><div class=\"eael-entry-wrapper\"><header class=\"eael-entry-header\"><h2 class=\"eael-entry-title\"><a class=\"eael-grid-post-link\" href=\"http:\/\/www.marcasal.es\/en\/flash-flash\/\" title=\"Flash Flash\">Flash Flash<\/a><\/h2><\/header><\/div><\/div>\n        <\/div>\n    <\/article><article class=\"eael-grid-post  eael-post-grid-column eael-pg-post-4384 category-restauracion\" data-id=\"4384\">\n        <div class=\"eael-grid-post-holder\">\n            <div class=\"eael-grid-post-holder-inner\"><div class=\"eael-entry-media\"><div class=\"eael-entry-overlay fade-in\"><i class=\"far fa-eye\" aria-hidden=\"true\"><\/i><a href=\"http:\/\/www.marcasal.es\/en\/gonzalez-co\/\"><\/a><\/div><div class=\"eael-entry-thumbnail eael-image-ratio\">\n                 <img decoding=\"async\" width=\"800\" height=\"527\" data-src=\"https:\/\/www.marcasal.es\/wp-content\/uploads\/2023\/03\/Marcasal_GonzalezCo_interiorismo-e1697537345616-1024x675.jpeg\" class=\"attachment-large size-large wp-image-4390 lazyload\" alt=\"\" data-srcset=\"https:\/\/www.marcasal.es\/wp-content\/uploads\/2023\/03\/Marcasal_GonzalezCo_interiorismo-e1697537345616-1024x675.jpeg 1024w, https:\/\/www.marcasal.es\/wp-content\/uploads\/2023\/03\/Marcasal_GonzalezCo_interiorismo-e1697537345616-300x198.jpeg 300w, https:\/\/www.marcasal.es\/wp-content\/uploads\/2023\/03\/Marcasal_GonzalezCo_interiorismo-e1697537345616-768x506.jpeg 768w, https:\/\/www.marcasal.es\/wp-content\/uploads\/2023\/03\/Marcasal_GonzalezCo_interiorismo-e1697537345616-18x12.jpeg 18w, https:\/\/www.marcasal.es\/wp-content\/uploads\/2023\/03\/Marcasal_GonzalezCo_interiorismo-e1697537345616.jpeg 1158w\" data-sizes=\"(max-width: 800px) 100vw, 800px\" src=\"data:image\/svg+xml;base64,PHN2ZyB3aWR0aD0iMSIgaGVpZ2h0PSIxIiB4bWxucz0iaHR0cDovL3d3dy53My5vcmcvMjAwMC9zdmciPjwvc3ZnPg==\" style=\"--smush-placeholder-width: 800px; --smush-placeholder-aspect-ratio: 800\/527;\" \/>\n             <\/div>\n        <\/div><div class=\"eael-entry-wrapper\"><header class=\"eael-entry-header\"><h2 class=\"eael-entry-title\"><a class=\"eael-grid-post-link\" href=\"http:\/\/www.marcasal.es\/en\/gonzalez-co\/\" title=\"Gonzalez &#038; Co\">Gonzalez &#038; Co<\/a><\/h2><\/header><\/div><\/div>\n        <\/div>\n    <\/article><article class=\"eael-grid-post  eael-post-grid-column eael-pg-post-4374 category-apartamentos\" data-id=\"4374\">\n        <div class=\"eael-grid-post-holder\">\n            <div class=\"eael-grid-post-holder-inner\"><div class=\"eael-entry-media\"><div class=\"eael-entry-overlay fade-in\"><i class=\"far fa-eye\" aria-hidden=\"true\"><\/i><a href=\"http:\/\/www.marcasal.es\/en\/edificio-barceloneta-mar\/\"><\/a><\/div><div class=\"eael-entry-thumbnail eael-image-ratio\">\n                 <img decoding=\"async\" width=\"800\" height=\"527\" data-src=\"https:\/\/www.marcasal.es\/wp-content\/uploads\/2023\/04\/Marcasal_EnjoyBarcelona_bancos-1-e1697537281771-1024x674.jpeg\" class=\"attachment-large size-large wp-image-4812 lazyload\" alt=\"\" data-srcset=\"https:\/\/www.marcasal.es\/wp-content\/uploads\/2023\/04\/Marcasal_EnjoyBarcelona_bancos-1-e1697537281771-1024x674.jpeg 1024w, https:\/\/www.marcasal.es\/wp-content\/uploads\/2023\/04\/Marcasal_EnjoyBarcelona_bancos-1-e1697537281771-300x198.jpeg 300w, https:\/\/www.marcasal.es\/wp-content\/uploads\/2023\/04\/Marcasal_EnjoyBarcelona_bancos-1-e1697537281771-768x506.jpeg 768w, https:\/\/www.marcasal.es\/wp-content\/uploads\/2023\/04\/Marcasal_EnjoyBarcelona_bancos-1-e1697537281771-18x12.jpeg 18w, https:\/\/www.marcasal.es\/wp-content\/uploads\/2023\/04\/Marcasal_EnjoyBarcelona_bancos-1-e1697537281771.jpeg 1198w\" data-sizes=\"(max-width: 800px) 100vw, 800px\" src=\"data:image\/svg+xml;base64,PHN2ZyB3aWR0aD0iMSIgaGVpZ2h0PSIxIiB4bWxucz0iaHR0cDovL3d3dy53My5vcmcvMjAwMC9zdmciPjwvc3ZnPg==\" style=\"--smush-placeholder-width: 800px; --smush-placeholder-aspect-ratio: 800\/527;\" \/>\n             <\/div>\n        <\/div><div class=\"eael-entry-wrapper\"><header class=\"eael-entry-header\"><h2 class=\"eael-entry-title\"><a class=\"eael-grid-post-link\" href=\"http:\/\/www.marcasal.es\/en\/edificio-barceloneta-mar\/\" title=\"Edificio Barceloneta Mar\">Edificio Barceloneta Mar<\/a><\/h2><\/header><\/div><\/div>\n        <\/div>\n    <\/article><article class=\"eael-grid-post  eael-post-grid-column eael-pg-post-4332 category-restauracion\" data-id=\"4332\">\n        <div class=\"eael-grid-post-holder\">\n            <div class=\"eael-grid-post-holder-inner\"><div class=\"eael-entry-media\"><div class=\"eael-entry-overlay fade-in\"><i class=\"far fa-eye\" aria-hidden=\"true\"><\/i><a href=\"http:\/\/www.marcasal.es\/en\/restaurante-amar-palace\/\"><\/a><\/div><div class=\"eael-entry-thumbnail eael-image-ratio\">\n                 <img decoding=\"async\" width=\"800\" height=\"534\" data-src=\"https:\/\/www.marcasal.es\/wp-content\/uploads\/2023\/03\/Marcasal-Amar-barcelona-butacas-1024x683.webp\" class=\"attachment-large size-large wp-image-4340 lazyload\" alt=\"\" data-srcset=\"https:\/\/www.marcasal.es\/wp-content\/uploads\/2023\/03\/Marcasal-Amar-barcelona-butacas-1024x683.webp 1024w, https:\/\/www.marcasal.es\/wp-content\/uploads\/2023\/03\/Marcasal-Amar-barcelona-butacas-300x200.webp 300w, https:\/\/www.marcasal.es\/wp-content\/uploads\/2023\/03\/Marcasal-Amar-barcelona-butacas-768x512.webp 768w, https:\/\/www.marcasal.es\/wp-content\/uploads\/2023\/03\/Marcasal-Amar-barcelona-butacas-18x12.webp 18w, https:\/\/www.marcasal.es\/wp-content\/uploads\/2023\/03\/Marcasal-Amar-barcelona-butacas.webp 1200w\" data-sizes=\"(max-width: 800px) 100vw, 800px\" src=\"data:image\/svg+xml;base64,PHN2ZyB3aWR0aD0iMSIgaGVpZ2h0PSIxIiB4bWxucz0iaHR0cDovL3d3dy53My5vcmcvMjAwMC9zdmciPjwvc3ZnPg==\" style=\"--smush-placeholder-width: 800px; --smush-placeholder-aspect-ratio: 800\/534;\" \/>\n             <\/div>\n        <\/div><div class=\"eael-entry-wrapper\"><header class=\"eael-entry-header\"><h2 class=\"eael-entry-title\"><a class=\"eael-grid-post-link\" href=\"http:\/\/www.marcasal.es\/en\/restaurante-amar-palace\/\" title=\"Restaurante aMar Barcelona\">Restaurante aMar Barcelona<\/a><\/h2><\/header><\/div><\/div>\n        <\/div>\n    <\/article><article class=\"eael-grid-post  eael-post-grid-column eael-pg-post-4175 category-hoteles\" data-id=\"4175\">\n        <div class=\"eael-grid-post-holder\">\n            <div class=\"eael-grid-post-holder-inner\"><div class=\"eael-entry-media\"><div class=\"eael-entry-overlay fade-in\"><i class=\"far fa-eye\" aria-hidden=\"true\"><\/i><a href=\"http:\/\/www.marcasal.es\/en\/hotel-atzavarra\/\"><\/a><\/div><div class=\"eael-entry-thumbnail eael-image-ratio\">\n                 <img decoding=\"async\" width=\"800\" height=\"532\" data-src=\"https:\/\/www.marcasal.es\/wp-content\/uploads\/2023\/02\/Marcasal-suite-atzavarra-1024x681.jpg\" class=\"attachment-large size-large wp-image-4184 lazyload\" alt=\"\" data-srcset=\"https:\/\/www.marcasal.es\/wp-content\/uploads\/2023\/02\/Marcasal-suite-atzavarra-1024x681.jpg 1024w, https:\/\/www.marcasal.es\/wp-content\/uploads\/2023\/02\/Marcasal-suite-atzavarra-300x200.jpg 300w, https:\/\/www.marcasal.es\/wp-content\/uploads\/2023\/02\/Marcasal-suite-atzavarra-768x511.jpg 768w, https:\/\/www.marcasal.es\/wp-content\/uploads\/2023\/02\/Marcasal-suite-atzavarra-1536x1022.jpg 1536w, https:\/\/www.marcasal.es\/wp-content\/uploads\/2023\/02\/Marcasal-suite-atzavarra-18x12.jpg 18w, https:\/\/www.marcasal.es\/wp-content\/uploads\/2023\/02\/Marcasal-suite-atzavarra.jpg 1610w\" data-sizes=\"(max-width: 800px) 100vw, 800px\" src=\"data:image\/svg+xml;base64,PHN2ZyB3aWR0aD0iMSIgaGVpZ2h0PSIxIiB4bWxucz0iaHR0cDovL3d3dy53My5vcmcvMjAwMC9zdmciPjwvc3ZnPg==\" style=\"--smush-placeholder-width: 800px; --smush-placeholder-aspect-ratio: 800\/532;\" \/>\n             <\/div>\n        <\/div><div class=\"eael-entry-wrapper\"><header class=\"eael-entry-header\"><h2 class=\"eael-entry-title\"><a class=\"eael-grid-post-link\" href=\"http:\/\/www.marcasal.es\/en\/hotel-atzavarra\/\" title=\"HOTEL ATZAVARRA\u200b\">HOTEL ATZAVARRA\u200b<\/a><\/h2><\/header><\/div><\/div>\n        <\/div>\n    <\/article><article class=\"eael-grid-post  eael-post-grid-column eael-pg-post-4102 category-hoteles\" data-id=\"4102\">\n        <div class=\"eael-grid-post-holder\">\n            <div class=\"eael-grid-post-holder-inner\"><div class=\"eael-entry-media\"><div class=\"eael-entry-overlay fade-in\"><i class=\"far fa-eye\" aria-hidden=\"true\"><\/i><a href=\"http:\/\/www.marcasal.es\/en\/hotel-casa-cacao\/\"><\/a><\/div><div class=\"eael-entry-thumbnail eael-image-ratio\">\n                 <img decoding=\"async\" width=\"800\" height=\"441\" data-src=\"https:\/\/www.marcasal.es\/wp-content\/uploads\/2023\/02\/Marcasal_casa-cacao_CORTINAS-1024x565.jpeg\" class=\"attachment-large size-large wp-image-4399 lazyload\" alt=\"\" src=\"data:image\/svg+xml;base64,PHN2ZyB3aWR0aD0iMSIgaGVpZ2h0PSIxIiB4bWxucz0iaHR0cDovL3d3dy53My5vcmcvMjAwMC9zdmciPjwvc3ZnPg==\" style=\"--smush-placeholder-width: 800px; --smush-placeholder-aspect-ratio: 800\/441;\" \/>\n             <\/div>\n        <\/div><div class=\"eael-entry-wrapper\"><header class=\"eael-entry-header\"><h2 class=\"eael-entry-title\"><a class=\"eael-grid-post-link\" href=\"http:\/\/www.marcasal.es\/en\/hotel-casa-cacao\/\" title=\"Hotel Casa Cacao\">Hotel Casa Cacao<\/a><\/h2><\/header><\/div><\/div>\n        <\/div>\n    <\/article><article class=\"eael-grid-post  eael-post-grid-column eael-pg-post-4222 category-hoteles\" data-id=\"4222\">\n        <div class=\"eael-grid-post-holder\">\n            <div class=\"eael-grid-post-holder-inner\"><div class=\"eael-entry-media\"><div class=\"eael-entry-overlay fade-in\"><i class=\"far fa-eye\" aria-hidden=\"true\"><\/i><a href=\"http:\/\/www.marcasal.es\/en\/hotel-villa-soro\/\"><\/a><\/div><div class=\"eael-entry-thumbnail eael-image-ratio\">\n                 <img decoding=\"async\" width=\"800\" height=\"534\" data-src=\"https:\/\/www.marcasal.es\/wp-content\/uploads\/2023\/03\/Marcasal-Villasoro-tapizado-1024x683.jpg\" class=\"attachment-large size-large wp-image-4250 lazyload\" alt=\"\" data-srcset=\"https:\/\/www.marcasal.es\/wp-content\/uploads\/2023\/03\/Marcasal-Villasoro-tapizado-1024x683.jpg 1024w, https:\/\/www.marcasal.es\/wp-content\/uploads\/2023\/03\/Marcasal-Villasoro-tapizado-300x200.jpg 300w, https:\/\/www.marcasal.es\/wp-content\/uploads\/2023\/03\/Marcasal-Villasoro-tapizado-768x512.jpg 768w, https:\/\/www.marcasal.es\/wp-content\/uploads\/2023\/03\/Marcasal-Villasoro-tapizado-1536x1024.jpg 1536w, https:\/\/www.marcasal.es\/wp-content\/uploads\/2023\/03\/Marcasal-Villasoro-tapizado-18x12.jpg 18w, https:\/\/www.marcasal.es\/wp-content\/uploads\/2023\/03\/Marcasal-Villasoro-tapizado.jpg 1600w\" data-sizes=\"(max-width: 800px) 100vw, 800px\" src=\"data:image\/svg+xml;base64,PHN2ZyB3aWR0aD0iMSIgaGVpZ2h0PSIxIiB4bWxucz0iaHR0cDovL3d3dy53My5vcmcvMjAwMC9zdmciPjwvc3ZnPg==\" style=\"--smush-placeholder-width: 800px; --smush-placeholder-aspect-ratio: 800\/534;\" \/>\n             <\/div>\n        <\/div><div class=\"eael-entry-wrapper\"><header class=\"eael-entry-header\"><h2 class=\"eael-entry-title\"><a class=\"eael-grid-post-link\" href=\"http:\/\/www.marcasal.es\/en\/hotel-villa-soro\/\" title=\"Hotel Villa Soro\">Hotel Villa Soro<\/a><\/h2><\/header><\/div><\/div>\n        <\/div>\n    <\/article><article class=\"eael-grid-post  eael-post-grid-column eael-pg-post-4240 category-hoteles\" data-id=\"4240\">\n        <div class=\"eael-grid-post-holder\">\n            <div class=\"eael-grid-post-holder-inner\"><div class=\"eael-entry-media\"><div class=\"eael-entry-overlay fade-in\"><i class=\"far fa-eye\" aria-hidden=\"true\"><\/i><a href=\"http:\/\/www.marcasal.es\/en\/the-serras-andorra\/\"><\/a><\/div><div class=\"eael-entry-thumbnail eael-image-ratio\">\n                 <img decoding=\"async\" width=\"800\" height=\"528\" data-src=\"https:\/\/www.marcasal.es\/wp-content\/uploads\/2023\/03\/Marcasal-serras-the-hotel-reception-tapizado-e1678873987620-1024x676.jpeg\" class=\"attachment-large size-large wp-image-4276 lazyload\" alt=\"\" data-srcset=\"https:\/\/www.marcasal.es\/wp-content\/uploads\/2023\/03\/Marcasal-serras-the-hotel-reception-tapizado-e1678873987620-1024x676.jpeg 1024w, https:\/\/www.marcasal.es\/wp-content\/uploads\/2023\/03\/Marcasal-serras-the-hotel-reception-tapizado-e1678873987620-300x198.jpeg 300w, https:\/\/www.marcasal.es\/wp-content\/uploads\/2023\/03\/Marcasal-serras-the-hotel-reception-tapizado-e1678873987620-768x507.jpeg 768w, https:\/\/www.marcasal.es\/wp-content\/uploads\/2023\/03\/Marcasal-serras-the-hotel-reception-tapizado-e1678873987620-18x12.jpeg 18w, https:\/\/www.marcasal.es\/wp-content\/uploads\/2023\/03\/Marcasal-serras-the-hotel-reception-tapizado-e1678873987620.jpeg 1200w\" data-sizes=\"(max-width: 800px) 100vw, 800px\" src=\"data:image\/svg+xml;base64,PHN2ZyB3aWR0aD0iMSIgaGVpZ2h0PSIxIiB4bWxucz0iaHR0cDovL3d3dy53My5vcmcvMjAwMC9zdmciPjwvc3ZnPg==\" style=\"--smush-placeholder-width: 800px; --smush-placeholder-aspect-ratio: 800\/528;\" \/>\n             <\/div>\n        <\/div><div class=\"eael-entry-wrapper\"><header class=\"eael-entry-header\"><h2 class=\"eael-entry-title\"><a class=\"eael-grid-post-link\" href=\"http:\/\/www.marcasal.es\/en\/the-serras-andorra\/\" title=\"The Serras Andorra\">The Serras Andorra<\/a><\/h2><\/header><\/div><\/div>\n        <\/div>\n    <\/article><article class=\"eael-grid-post  eael-post-grid-column eael-pg-post-4199 category-hoteles\" data-id=\"4199\">\n        <div class=\"eael-grid-post-holder\">\n            <div class=\"eael-grid-post-holder-inner\"><div class=\"eael-entry-media\"><div class=\"eael-entry-overlay fade-in\"><i class=\"far fa-eye\" aria-hidden=\"true\"><\/i><a href=\"http:\/\/www.marcasal.es\/en\/hotel-can-ferrereta\/\"><\/a><\/div><div class=\"eael-entry-thumbnail eael-image-ratio\">\n                 <img decoding=\"async\" width=\"800\" height=\"531\" data-src=\"https:\/\/www.marcasal.es\/wp-content\/uploads\/2023\/03\/marcasal-can-ferrereta-sabanas-1024x680.jpg\" class=\"attachment-large size-large wp-image-4210 lazyload\" alt=\"\" data-srcset=\"https:\/\/www.marcasal.es\/wp-content\/uploads\/2023\/03\/marcasal-can-ferrereta-sabanas-1024x680.jpg 1024w, https:\/\/www.marcasal.es\/wp-content\/uploads\/2023\/03\/marcasal-can-ferrereta-sabanas-300x199.jpg 300w, https:\/\/www.marcasal.es\/wp-content\/uploads\/2023\/03\/marcasal-can-ferrereta-sabanas-768x510.jpg 768w, https:\/\/www.marcasal.es\/wp-content\/uploads\/2023\/03\/marcasal-can-ferrereta-sabanas-1536x1020.jpg 1536w, https:\/\/www.marcasal.es\/wp-content\/uploads\/2023\/03\/marcasal-can-ferrereta-sabanas-18x12.jpg 18w, https:\/\/www.marcasal.es\/wp-content\/uploads\/2023\/03\/marcasal-can-ferrereta-sabanas.jpg 1600w\" data-sizes=\"(max-width: 800px) 100vw, 800px\" src=\"data:image\/svg+xml;base64,PHN2ZyB3aWR0aD0iMSIgaGVpZ2h0PSIxIiB4bWxucz0iaHR0cDovL3d3dy53My5vcmcvMjAwMC9zdmciPjwvc3ZnPg==\" style=\"--smush-placeholder-width: 800px; --smush-placeholder-aspect-ratio: 800\/531;\" \/>\n             <\/div>\n        <\/div><div class=\"eael-entry-wrapper\"><header class=\"eael-entry-header\"><h2 class=\"eael-entry-title\"><a class=\"eael-grid-post-link\" href=\"http:\/\/www.marcasal.es\/en\/hotel-can-ferrereta\/\" title=\"Hotel Can Ferrereta\">Hotel Can Ferrereta<\/a><\/h2><\/header><\/div><\/div>\n        <\/div>\n    <\/article><article class=\"eael-grid-post  eael-post-grid-column eael-pg-post-4143 category-hoteles\" data-id=\"4143\">\n        <div class=\"eael-grid-post-holder\">\n            <div class=\"eael-grid-post-holder-inner\"><div class=\"eael-entry-media\"><div class=\"eael-entry-overlay fade-in\"><i class=\"far fa-eye\" aria-hidden=\"true\"><\/i><a href=\"http:\/\/www.marcasal.es\/en\/hotel-hard-rock-madrid\/\"><\/a><\/div><div class=\"eael-entry-thumbnail eael-image-ratio\">\n                 <img decoding=\"async\" width=\"800\" height=\"535\" data-src=\"https:\/\/www.marcasal.es\/wp-content\/uploads\/2023\/02\/Marcasal-diseno-Hard-Rock-1024x685.jpg\" class=\"attachment-large size-large wp-image-4156 lazyload\" alt=\"\" data-srcset=\"https:\/\/www.marcasal.es\/wp-content\/uploads\/2023\/02\/Marcasal-diseno-Hard-Rock-1024x685.jpg 1024w, https:\/\/www.marcasal.es\/wp-content\/uploads\/2023\/02\/Marcasal-diseno-Hard-Rock-300x201.jpg 300w, https:\/\/www.marcasal.es\/wp-content\/uploads\/2023\/02\/Marcasal-diseno-Hard-Rock-768x514.jpg 768w, https:\/\/www.marcasal.es\/wp-content\/uploads\/2023\/02\/Marcasal-diseno-Hard-Rock-18x12.jpg 18w, https:\/\/www.marcasal.es\/wp-content\/uploads\/2023\/02\/Marcasal-diseno-Hard-Rock.jpg 1200w\" data-sizes=\"(max-width: 800px) 100vw, 800px\" src=\"data:image\/svg+xml;base64,PHN2ZyB3aWR0aD0iMSIgaGVpZ2h0PSIxIiB4bWxucz0iaHR0cDovL3d3dy53My5vcmcvMjAwMC9zdmciPjwvc3ZnPg==\" style=\"--smush-placeholder-width: 800px; --smush-placeholder-aspect-ratio: 800\/535;\" \/>\n             <\/div>\n        <\/div><div class=\"eael-entry-wrapper\"><header class=\"eael-entry-header\"><h2 class=\"eael-entry-title\"><a class=\"eael-grid-post-link\" href=\"http:\/\/www.marcasal.es\/en\/hotel-hard-rock-madrid\/\" title=\"HOTEL HARD ROCK MADRID\">HOTEL HARD ROCK MADRID<\/a><\/h2><\/header><\/div><\/div>\n        <\/div>\n    <\/article><article class=\"eael-grid-post  eael-post-grid-column eael-pg-post-4117 category-otros\" data-id=\"4117\">\n        <div class=\"eael-grid-post-holder\">\n            <div class=\"eael-grid-post-holder-inner\"><div class=\"eael-entry-media\"><div class=\"eael-entry-overlay fade-in\"><i class=\"far fa-eye\" aria-hidden=\"true\"><\/i><a href=\"http:\/\/www.marcasal.es\/en\/oficinas-cremyco\/\"><\/a><\/div><div class=\"eael-entry-thumbnail eael-image-ratio\">\n                 <img decoding=\"async\" width=\"800\" height=\"533\" data-src=\"https:\/\/www.marcasal.es\/wp-content\/uploads\/2023\/02\/Marcasal_sofa_cremyco-1024x682.jpg\" class=\"attachment-large size-large wp-image-4125 lazyload\" alt=\"\" data-srcset=\"https:\/\/www.marcasal.es\/wp-content\/uploads\/2023\/02\/Marcasal_sofa_cremyco-1024x682.jpg 1024w, https:\/\/www.marcasal.es\/wp-content\/uploads\/2023\/02\/Marcasal_sofa_cremyco-300x200.jpg 300w, https:\/\/www.marcasal.es\/wp-content\/uploads\/2023\/02\/Marcasal_sofa_cremyco-768x512.jpg 768w, https:\/\/www.marcasal.es\/wp-content\/uploads\/2023\/02\/Marcasal_sofa_cremyco-18x12.jpg 18w, https:\/\/www.marcasal.es\/wp-content\/uploads\/2023\/02\/Marcasal_sofa_cremyco.jpg 1400w\" data-sizes=\"(max-width: 800px) 100vw, 800px\" src=\"data:image\/svg+xml;base64,PHN2ZyB3aWR0aD0iMSIgaGVpZ2h0PSIxIiB4bWxucz0iaHR0cDovL3d3dy53My5vcmcvMjAwMC9zdmciPjwvc3ZnPg==\" style=\"--smush-placeholder-width: 800px; --smush-placeholder-aspect-ratio: 800\/533;\" \/>\n             <\/div>\n        <\/div><div class=\"eael-entry-wrapper\"><header class=\"eael-entry-header\"><h2 class=\"eael-entry-title\"><a class=\"eael-grid-post-link\" href=\"http:\/\/www.marcasal.es\/en\/oficinas-cremyco\/\" title=\"Oficinas Cremyco\">Oficinas Cremyco<\/a><\/h2><\/header><\/div><\/div>\n        <\/div>\n    <\/article><article class=\"eael-grid-post  eael-post-grid-column eael-pg-post-4037 category-restauracion\" data-id=\"4037\">\n        <div class=\"eael-grid-post-holder\">\n            <div class=\"eael-grid-post-holder-inner\"><div class=\"eael-entry-media\"><div class=\"eael-entry-overlay fade-in\"><i class=\"far fa-eye\" aria-hidden=\"true\"><\/i><a href=\"http:\/\/www.marcasal.es\/en\/restaurante-balfego\/\"><\/a><\/div><div class=\"eael-entry-thumbnail eael-image-ratio\">\n                 <img decoding=\"async\" width=\"700\" height=\"473\" data-src=\"https:\/\/www.marcasal.es\/wp-content\/uploads\/2023\/02\/Marcasal_Balfego_textil.jpg\" class=\"attachment-large size-large wp-image-4072 lazyload\" alt=\"\" data-srcset=\"https:\/\/www.marcasal.es\/wp-content\/uploads\/2023\/02\/Marcasal_Balfego_textil.jpg 700w, https:\/\/www.marcasal.es\/wp-content\/uploads\/2023\/02\/Marcasal_Balfego_textil-300x203.jpg 300w, https:\/\/www.marcasal.es\/wp-content\/uploads\/2023\/02\/Marcasal_Balfego_textil-18x12.jpg 18w\" data-sizes=\"(max-width: 700px) 100vw, 700px\" src=\"data:image\/svg+xml;base64,PHN2ZyB3aWR0aD0iMSIgaGVpZ2h0PSIxIiB4bWxucz0iaHR0cDovL3d3dy53My5vcmcvMjAwMC9zdmciPjwvc3ZnPg==\" style=\"--smush-placeholder-width: 700px; --smush-placeholder-aspect-ratio: 700\/473;\" \/>\n             <\/div>\n        <\/div><div class=\"eael-entry-wrapper\"><header class=\"eael-entry-header\"><h2 class=\"eael-entry-title\"><a class=\"eael-grid-post-link\" href=\"http:\/\/www.marcasal.es\/en\/restaurante-balfego\/\" title=\"Restaurante Balfeg\u00f3\">Restaurante Balfeg\u00f3<\/a><\/h2><\/header><\/div><\/div>\n        <\/div>\n    <\/article><article class=\"eael-grid-post  eael-post-grid-column eael-pg-post-812 category-hoteles\" data-id=\"812\">\n        <div class=\"eael-grid-post-holder\">\n            <div class=\"eael-grid-post-holder-inner\"><div class=\"eael-entry-media\"><div class=\"eael-entry-overlay fade-in\"><i class=\"far fa-eye\" aria-hidden=\"true\"><\/i><a href=\"http:\/\/www.marcasal.es\/en\/hotel-sofia\/\"><\/a><\/div><div class=\"eael-entry-thumbnail eael-image-ratio\">\n                 <img decoding=\"async\" width=\"700\" height=\"473\" data-src=\"https:\/\/www.marcasal.es\/wp-content\/uploads\/2022\/10\/Marcasal-hotel-sofia-1-e1666644785643.jpeg\" class=\"attachment-large size-large wp-image-817 lazyload\" alt=\"\" data-srcset=\"https:\/\/www.marcasal.es\/wp-content\/uploads\/2022\/10\/Marcasal-hotel-sofia-1-e1666644785643.jpeg 700w, https:\/\/www.marcasal.es\/wp-content\/uploads\/2022\/10\/Marcasal-hotel-sofia-1-e1666644785643-300x203.jpeg 300w\" data-sizes=\"(max-width: 700px) 100vw, 700px\" src=\"data:image\/svg+xml;base64,PHN2ZyB3aWR0aD0iMSIgaGVpZ2h0PSIxIiB4bWxucz0iaHR0cDovL3d3dy53My5vcmcvMjAwMC9zdmciPjwvc3ZnPg==\" style=\"--smush-placeholder-width: 700px; --smush-placeholder-aspect-ratio: 700\/473;\" \/>\n             <\/div>\n        <\/div><div class=\"eael-entry-wrapper\"><header class=\"eael-entry-header\"><h2 class=\"eael-entry-title\"><a class=\"eael-grid-post-link\" href=\"http:\/\/www.marcasal.es\/en\/hotel-sofia\/\" title=\"Hotel Sof\u00eda\">Hotel Sof\u00eda<\/a><\/h2><\/header><\/div><\/div>\n        <\/div>\n    <\/article><article class=\"eael-grid-post  eael-post-grid-column eael-pg-post-382 category-hoteles\" data-id=\"382\">\n        <div class=\"eael-grid-post-holder\">\n            <div class=\"eael-grid-post-holder-inner\"><div class=\"eael-entry-media\"><div class=\"eael-entry-overlay fade-in\"><i class=\"far fa-eye\" aria-hidden=\"true\"><\/i><a href=\"http:\/\/www.marcasal.es\/en\/gran-hotel-ingles\/\"><\/a><\/div><div class=\"eael-entry-thumbnail eael-image-ratio\">\n                 <img decoding=\"async\" width=\"800\" height=\"600\" data-src=\"https:\/\/www.marcasal.es\/wp-content\/uploads\/2022\/10\/Marcasal-gran-hotel-ingles-1024x768.jpeg\" class=\"attachment-large size-large wp-image-384 lazyload\" alt=\"\" src=\"data:image\/svg+xml;base64,PHN2ZyB3aWR0aD0iMSIgaGVpZ2h0PSIxIiB4bWxucz0iaHR0cDovL3d3dy53My5vcmcvMjAwMC9zdmciPjwvc3ZnPg==\" style=\"--smush-placeholder-width: 800px; --smush-placeholder-aspect-ratio: 800\/600;\" \/>\n             <\/div>\n        <\/div><div class=\"eael-entry-wrapper\"><header class=\"eael-entry-header\"><h2 class=\"eael-entry-title\"><a class=\"eael-grid-post-link\" href=\"http:\/\/www.marcasal.es\/en\/gran-hotel-ingles\/\" title=\"Gran Hotel Ingl\u00e9s\">Gran Hotel Ingl\u00e9s<\/a><\/h2><\/header><\/div><\/div>\n        <\/div>\n    <\/article><article class=\"eael-grid-post  eael-post-grid-column eael-pg-post-1252 category-hoteles\" data-id=\"1252\">\n        <div class=\"eael-grid-post-holder\">\n            <div class=\"eael-grid-post-holder-inner\"><div class=\"eael-entry-media\"><div class=\"eael-entry-overlay fade-in\"><i class=\"far fa-eye\" aria-hidden=\"true\"><\/i><a href=\"http:\/\/www.marcasal.es\/en\/hotel-le-meridien\/\"><\/a><\/div><div class=\"eael-entry-thumbnail eael-image-ratio\">\n                 <img decoding=\"async\" width=\"800\" height=\"555\" data-src=\"https:\/\/www.marcasal.es\/wp-content\/uploads\/2022\/10\/marcasal-le-meridien-habitacio-panoramica-1024x710.jpeg\" class=\"attachment-large size-large wp-image-1257 lazyload\" alt=\"\" src=\"data:image\/svg+xml;base64,PHN2ZyB3aWR0aD0iMSIgaGVpZ2h0PSIxIiB4bWxucz0iaHR0cDovL3d3dy53My5vcmcvMjAwMC9zdmciPjwvc3ZnPg==\" style=\"--smush-placeholder-width: 800px; --smush-placeholder-aspect-ratio: 800\/555;\" \/>\n             <\/div>\n        <\/div><div class=\"eael-entry-wrapper\"><header class=\"eael-entry-header\"><h2 class=\"eael-entry-title\"><a class=\"eael-grid-post-link\" href=\"http:\/\/www.marcasal.es\/en\/hotel-le-meridien\/\" title=\"Hotel Le Meridien\">Hotel Le Meridien<\/a><\/h2><\/header><\/div><\/div>\n        <\/div>\n    <\/article><article class=\"eael-grid-post  eael-post-grid-column eael-pg-post-186 category-hoteles\" data-id=\"186\">\n        <div class=\"eael-grid-post-holder\">\n            <div class=\"eael-grid-post-holder-inner\"><div class=\"eael-entry-media\"><div class=\"eael-entry-overlay fade-in\"><i class=\"far fa-eye\" aria-hidden=\"true\"><\/i><a href=\"http:\/\/www.marcasal.es\/en\/hotel-terra-dominicata\/\"><\/a><\/div><div class=\"eael-entry-thumbnail eael-image-ratio\">\n                 <img decoding=\"async\" width=\"800\" height=\"533\" data-src=\"https:\/\/www.marcasal.es\/wp-content\/uploads\/2022\/10\/marcasal-terra-dominicata-1024x682.jpeg\" class=\"attachment-large size-large wp-image-453 lazyload\" alt=\"\" src=\"data:image\/svg+xml;base64,PHN2ZyB3aWR0aD0iMSIgaGVpZ2h0PSIxIiB4bWxucz0iaHR0cDovL3d3dy53My5vcmcvMjAwMC9zdmciPjwvc3ZnPg==\" style=\"--smush-placeholder-width: 800px; --smush-placeholder-aspect-ratio: 800\/533;\" \/>\n             <\/div>\n        <\/div><div class=\"eael-entry-wrapper\"><header class=\"eael-entry-header\"><h2 class=\"eael-entry-title\"><a class=\"eael-grid-post-link\" href=\"http:\/\/www.marcasal.es\/en\/hotel-terra-dominicata\/\" title=\"Hotel Terra Dominicata\">Hotel Terra Dominicata<\/a><\/h2><\/header><\/div><\/div>\n        <\/div>\n    <\/article><article class=\"eael-grid-post  eael-post-grid-column eael-pg-post-1687 category-hoteles\" data-id=\"1687\">\n        <div class=\"eael-grid-post-holder\">\n            <div class=\"eael-grid-post-holder-inner\"><div class=\"eael-entry-media\"><div class=\"eael-entry-overlay fade-in\"><i class=\"far fa-eye\" aria-hidden=\"true\"><\/i><a href=\"http:\/\/www.marcasal.es\/en\/hotel-axel-madrid\/\"><\/a><\/div><div class=\"eael-entry-thumbnail eael-image-ratio\">\n                 <img decoding=\"async\" width=\"800\" height=\"542\" data-src=\"https:\/\/www.marcasal.es\/wp-content\/uploads\/2022\/11\/marcasal-axel-madrid-deluxe-gold-1024x694.jpeg\" class=\"attachment-large size-large wp-image-1689 lazyload\" alt=\"\" data-srcset=\"https:\/\/www.marcasal.es\/wp-content\/uploads\/2022\/11\/marcasal-axel-madrid-deluxe-gold-1024x694.jpeg 1024w, https:\/\/www.marcasal.es\/wp-content\/uploads\/2022\/11\/marcasal-axel-madrid-deluxe-gold-300x203.jpeg 300w, https:\/\/www.marcasal.es\/wp-content\/uploads\/2022\/11\/marcasal-axel-madrid-deluxe-gold-768x520.jpeg 768w, https:\/\/www.marcasal.es\/wp-content\/uploads\/2022\/11\/marcasal-axel-madrid-deluxe-gold.jpeg 1200w\" data-sizes=\"(max-width: 800px) 100vw, 800px\" src=\"data:image\/svg+xml;base64,PHN2ZyB3aWR0aD0iMSIgaGVpZ2h0PSIxIiB4bWxucz0iaHR0cDovL3d3dy53My5vcmcvMjAwMC9zdmciPjwvc3ZnPg==\" style=\"--smush-placeholder-width: 800px; --smush-placeholder-aspect-ratio: 800\/542;\" \/>\n             <\/div>\n        <\/div><div class=\"eael-entry-wrapper\"><header class=\"eael-entry-header\"><h2 class=\"eael-entry-title\"><a class=\"eael-grid-post-link\" href=\"http:\/\/www.marcasal.es\/en\/hotel-axel-madrid\/\" title=\"Hotel Axel Madrid\">Hotel Axel Madrid<\/a><\/h2><\/header><\/div><\/div>\n        <\/div>\n    <\/article><article class=\"eael-grid-post  eael-post-grid-column eael-pg-post-1697 category-hoteles\" data-id=\"1697\">\n        <div class=\"eael-grid-post-holder\">\n            <div class=\"eael-grid-post-holder-inner\"><div class=\"eael-entry-media\"><div class=\"eael-entry-overlay fade-in\"><i class=\"far fa-eye\" aria-hidden=\"true\"><\/i><a href=\"http:\/\/www.marcasal.es\/en\/yurbban-passage-hotel-spa\/\"><\/a><\/div><div class=\"eael-entry-thumbnail eael-image-ratio\">\n                 <img decoding=\"async\" width=\"800\" height=\"534\" data-src=\"https:\/\/www.marcasal.es\/wp-content\/uploads\/2022\/11\/marcasal-pisicina_organic_spa_yurbban_passage-1024x683.jpeg\" class=\"attachment-large size-large wp-image-1701 lazyload\" alt=\"\" data-srcset=\"https:\/\/www.marcasal.es\/wp-content\/uploads\/2022\/11\/marcasal-pisicina_organic_spa_yurbban_passage-1024x683.jpeg 1024w, https:\/\/www.marcasal.es\/wp-content\/uploads\/2022\/11\/marcasal-pisicina_organic_spa_yurbban_passage-300x200.jpeg 300w, https:\/\/www.marcasal.es\/wp-content\/uploads\/2022\/11\/marcasal-pisicina_organic_spa_yurbban_passage-768x512.jpeg 768w, https:\/\/www.marcasal.es\/wp-content\/uploads\/2022\/11\/marcasal-pisicina_organic_spa_yurbban_passage-1536x1024.jpeg 1536w, https:\/\/www.marcasal.es\/wp-content\/uploads\/2022\/11\/marcasal-pisicina_organic_spa_yurbban_passage.jpeg 1920w\" data-sizes=\"(max-width: 800px) 100vw, 800px\" src=\"data:image\/svg+xml;base64,PHN2ZyB3aWR0aD0iMSIgaGVpZ2h0PSIxIiB4bWxucz0iaHR0cDovL3d3dy53My5vcmcvMjAwMC9zdmciPjwvc3ZnPg==\" style=\"--smush-placeholder-width: 800px; --smush-placeholder-aspect-ratio: 800\/534;\" \/>\n             <\/div>\n        <\/div><div class=\"eael-entry-wrapper\"><header class=\"eael-entry-header\"><h2 class=\"eael-entry-title\"><a class=\"eael-grid-post-link\" href=\"http:\/\/www.marcasal.es\/en\/yurbban-passage-hotel-spa\/\" title=\"Yurbban Passage Hotel &#038; Spa\">Yurbban Passage Hotel &#038; Spa<\/a><\/h2><\/header><\/div><\/div>\n        <\/div>\n    <\/article><article class=\"eael-grid-post  eael-post-grid-column eael-pg-post-802 category-hoteles\" data-id=\"802\">\n        <div class=\"eael-grid-post-holder\">\n            <div class=\"eael-grid-post-holder-inner\"><div class=\"eael-entry-media\"><div class=\"eael-entry-overlay fade-in\"><i class=\"far fa-eye\" aria-hidden=\"true\"><\/i><a href=\"http:\/\/www.marcasal.es\/en\/gecko-hotel-beach-club\/\"><\/a><\/div><div class=\"eael-entry-thumbnail eael-image-ratio\">\n                 <img decoding=\"async\" width=\"700\" height=\"474\" data-src=\"https:\/\/www.marcasal.es\/wp-content\/uploads\/2022\/10\/gecko-hotel-beach-club.jpeg\" class=\"attachment-large size-large wp-image-803 lazyload\" alt=\"\" data-srcset=\"https:\/\/www.marcasal.es\/wp-content\/uploads\/2022\/10\/gecko-hotel-beach-club.jpeg 700w, https:\/\/www.marcasal.es\/wp-content\/uploads\/2022\/10\/gecko-hotel-beach-club-300x203.jpeg 300w\" data-sizes=\"(max-width: 700px) 100vw, 700px\" src=\"data:image\/svg+xml;base64,PHN2ZyB3aWR0aD0iMSIgaGVpZ2h0PSIxIiB4bWxucz0iaHR0cDovL3d3dy53My5vcmcvMjAwMC9zdmciPjwvc3ZnPg==\" style=\"--smush-placeholder-width: 700px; --smush-placeholder-aspect-ratio: 700\/474;\" \/>\n             <\/div>\n        <\/div><div class=\"eael-entry-wrapper\"><header class=\"eael-entry-header\"><h2 class=\"eael-entry-title\"><a class=\"eael-grid-post-link\" href=\"http:\/\/www.marcasal.es\/en\/gecko-hotel-beach-club\/\" title=\"Gecko Hotel &#038; Beach Club\">Gecko Hotel &#038; Beach Club<\/a><\/h2><\/header><\/div><\/div>\n        <\/div>\n    <\/article><article class=\"eael-grid-post  eael-post-grid-column eael-pg-post-1719 category-hoteles\" data-id=\"1719\">\n        <div class=\"eael-grid-post-holder\">\n            <div class=\"eael-grid-post-holder-inner\"><div class=\"eael-entry-media\"><div class=\"eael-entry-overlay fade-in\"><i class=\"far fa-eye\" aria-hidden=\"true\"><\/i><a href=\"http:\/\/www.marcasal.es\/en\/hotel-majestic-spa-de-barcelona\/\"><\/a><\/div><div class=\"eael-entry-thumbnail eael-image-ratio\">\n                 <img decoding=\"async\" width=\"730\" height=\"487\" data-src=\"https:\/\/www.marcasal.es\/wp-content\/uploads\/2022\/11\/marcasal-suite-hotel-majestic-centro-barcelona.jpeg\" class=\"attachment-large size-large wp-image-1723 lazyload\" alt=\"\" data-srcset=\"https:\/\/www.marcasal.es\/wp-content\/uploads\/2022\/11\/marcasal-suite-hotel-majestic-centro-barcelona.jpeg 730w, https:\/\/www.marcasal.es\/wp-content\/uploads\/2022\/11\/marcasal-suite-hotel-majestic-centro-barcelona-300x200.jpeg 300w\" data-sizes=\"(max-width: 730px) 100vw, 730px\" src=\"data:image\/svg+xml;base64,PHN2ZyB3aWR0aD0iMSIgaGVpZ2h0PSIxIiB4bWxucz0iaHR0cDovL3d3dy53My5vcmcvMjAwMC9zdmciPjwvc3ZnPg==\" style=\"--smush-placeholder-width: 730px; --smush-placeholder-aspect-ratio: 730\/487;\" \/>\n             <\/div>\n        <\/div><div class=\"eael-entry-wrapper\"><header class=\"eael-entry-header\"><h2 class=\"eael-entry-title\"><a class=\"eael-grid-post-link\" href=\"http:\/\/www.marcasal.es\/en\/hotel-majestic-spa-de-barcelona\/\" title=\"Hotel Majestic &#038; SPA de Barcelona\">Hotel Majestic &#038; SPA de Barcelona<\/a><\/h2><\/header><\/div><\/div>\n        <\/div>\n    <\/article><article class=\"eael-grid-post  eael-post-grid-column eael-pg-post-1744 category-hoteles\" data-id=\"1744\">\n        <div class=\"eael-grid-post-holder\">\n            <div class=\"eael-grid-post-holder-inner\"><div class=\"eael-entry-media\"><div class=\"eael-entry-overlay fade-in\"><i class=\"far fa-eye\" aria-hidden=\"true\"><\/i><a href=\"http:\/\/www.marcasal.es\/en\/hotel-camiral\/\"><\/a><\/div><div class=\"eael-entry-thumbnail eael-image-ratio\">\n                 <img decoding=\"async\" width=\"800\" height=\"534\" data-src=\"https:\/\/www.marcasal.es\/wp-content\/uploads\/2022\/11\/marcasal-hotel-camiral-habitacion-1024x683.jpeg\" class=\"attachment-large size-large wp-image-1745 lazyload\" alt=\"\" data-srcset=\"https:\/\/www.marcasal.es\/wp-content\/uploads\/2022\/11\/marcasal-hotel-camiral-habitacion-1024x683.jpeg 1024w, https:\/\/www.marcasal.es\/wp-content\/uploads\/2022\/11\/marcasal-hotel-camiral-habitacion-300x200.jpeg 300w, https:\/\/www.marcasal.es\/wp-content\/uploads\/2022\/11\/marcasal-hotel-camiral-habitacion-768x512.jpeg 768w, https:\/\/www.marcasal.es\/wp-content\/uploads\/2022\/11\/marcasal-hotel-camiral-habitacion.jpeg 1500w\" data-sizes=\"(max-width: 800px) 100vw, 800px\" src=\"data:image\/svg+xml;base64,PHN2ZyB3aWR0aD0iMSIgaGVpZ2h0PSIxIiB4bWxucz0iaHR0cDovL3d3dy53My5vcmcvMjAwMC9zdmciPjwvc3ZnPg==\" style=\"--smush-placeholder-width: 800px; --smush-placeholder-aspect-ratio: 800\/534;\" \/>\n             <\/div>\n        <\/div><div class=\"eael-entry-wrapper\"><header class=\"eael-entry-header\"><h2 class=\"eael-entry-title\"><a class=\"eael-grid-post-link\" href=\"http:\/\/www.marcasal.es\/en\/hotel-camiral\/\" title=\"Hotel Camiral\">Hotel Camiral<\/a><\/h2><\/header><\/div><\/div>\n        <\/div>\n    <\/article><article class=\"eael-grid-post  eael-post-grid-column eael-pg-post-1766 category-hoteles\" data-id=\"1766\">\n        <div class=\"eael-grid-post-holder\">\n            <div class=\"eael-grid-post-holder-inner\"><div class=\"eael-entry-media\"><div class=\"eael-entry-overlay fade-in\"><i class=\"far fa-eye\" aria-hidden=\"true\"><\/i><a href=\"http:\/\/www.marcasal.es\/en\/hotel-peralada-wine-spa-golf\/\"><\/a><\/div><div class=\"eael-entry-thumbnail eael-image-ratio\">\n                 <img decoding=\"async\" width=\"800\" height=\"534\" data-src=\"https:\/\/www.marcasal.es\/wp-content\/uploads\/2022\/11\/marcasal-peralada-habitacion-1024x683.jpeg\" class=\"attachment-large size-large wp-image-1767 lazyload\" alt=\"\" data-srcset=\"https:\/\/www.marcasal.es\/wp-content\/uploads\/2022\/11\/marcasal-peralada-habitacion-1024x683.jpeg 1024w, https:\/\/www.marcasal.es\/wp-content\/uploads\/2022\/11\/marcasal-peralada-habitacion-300x200.jpeg 300w, https:\/\/www.marcasal.es\/wp-content\/uploads\/2022\/11\/marcasal-peralada-habitacion-768x512.jpeg 768w, https:\/\/www.marcasal.es\/wp-content\/uploads\/2022\/11\/marcasal-peralada-habitacion-1536x1024.jpeg 1536w, https:\/\/www.marcasal.es\/wp-content\/uploads\/2022\/11\/marcasal-peralada-habitacion.jpeg 1920w\" data-sizes=\"(max-width: 800px) 100vw, 800px\" src=\"data:image\/svg+xml;base64,PHN2ZyB3aWR0aD0iMSIgaGVpZ2h0PSIxIiB4bWxucz0iaHR0cDovL3d3dy53My5vcmcvMjAwMC9zdmciPjwvc3ZnPg==\" style=\"--smush-placeholder-width: 800px; --smush-placeholder-aspect-ratio: 800\/534;\" \/>\n             <\/div>\n        <\/div><div class=\"eael-entry-wrapper\"><header class=\"eael-entry-header\"><h2 class=\"eael-entry-title\"><a class=\"eael-grid-post-link\" href=\"http:\/\/www.marcasal.es\/en\/hotel-peralada-wine-spa-golf\/\" title=\"Hotel Peralada, Wine, Spa &#038; Golf\">Hotel Peralada, Wine, Spa &#038; Golf<\/a><\/h2><\/header><\/div><\/div>\n        <\/div>\n    <\/article><article class=\"eael-grid-post  eael-post-grid-column eael-pg-post-1786 category-hoteles\" data-id=\"1786\">\n        <div class=\"eael-grid-post-holder\">\n            <div class=\"eael-grid-post-holder-inner\"><div class=\"eael-entry-media\"><div class=\"eael-entry-overlay fade-in\"><i class=\"far fa-eye\" aria-hidden=\"true\"><\/i><a href=\"http:\/\/www.marcasal.es\/en\/boho-hotel-prague\/\"><\/a><\/div><div class=\"eael-entry-thumbnail eael-image-ratio\">\n                 <img decoding=\"async\" width=\"800\" height=\"534\" data-src=\"https:\/\/www.marcasal.es\/wp-content\/uploads\/2022\/11\/marcasal-boho-prague-entrance-1024x683.jpeg\" class=\"attachment-large size-large wp-image-1787 lazyload\" alt=\"\" data-srcset=\"https:\/\/www.marcasal.es\/wp-content\/uploads\/2022\/11\/marcasal-boho-prague-entrance-1024x683.jpeg 1024w, https:\/\/www.marcasal.es\/wp-content\/uploads\/2022\/11\/marcasal-boho-prague-entrance-300x200.jpeg 300w, https:\/\/www.marcasal.es\/wp-content\/uploads\/2022\/11\/marcasal-boho-prague-entrance-768x512.jpeg 768w, https:\/\/www.marcasal.es\/wp-content\/uploads\/2022\/11\/marcasal-boho-prague-entrance.jpeg 1200w\" data-sizes=\"(max-width: 800px) 100vw, 800px\" src=\"data:image\/svg+xml;base64,PHN2ZyB3aWR0aD0iMSIgaGVpZ2h0PSIxIiB4bWxucz0iaHR0cDovL3d3dy53My5vcmcvMjAwMC9zdmciPjwvc3ZnPg==\" style=\"--smush-placeholder-width: 800px; --smush-placeholder-aspect-ratio: 800\/534;\" \/>\n             <\/div>\n        <\/div><div class=\"eael-entry-wrapper\"><header class=\"eael-entry-header\"><h2 class=\"eael-entry-title\"><a class=\"eael-grid-post-link\" href=\"http:\/\/www.marcasal.es\/en\/boho-hotel-prague\/\" title=\"Boho Hotel Prague\u00a0\">Boho Hotel Prague\u00a0<\/a><\/h2><\/header><\/div><\/div>\n        <\/div>\n    <\/article><article class=\"eael-grid-post  eael-post-grid-column eael-pg-post-1803 category-hoteles\" data-id=\"1803\">\n        <div class=\"eael-grid-post-holder\">\n            <div class=\"eael-grid-post-holder-inner\"><div class=\"eael-entry-media\"><div class=\"eael-entry-overlay fade-in\"><i class=\"far fa-eye\" aria-hidden=\"true\"><\/i><a href=\"http:\/\/www.marcasal.es\/en\/hotel-serras\/\"><\/a><\/div><div class=\"eael-entry-thumbnail eael-image-ratio\">\n                 <img decoding=\"async\" width=\"800\" height=\"518\" data-src=\"https:\/\/www.marcasal.es\/wp-content\/uploads\/2022\/11\/marcasal-hotel-serras-junior-suite-e1667819783378-1024x663.jpeg\" class=\"attachment-large size-large wp-image-1804 lazyload\" alt=\"\" data-srcset=\"https:\/\/www.marcasal.es\/wp-content\/uploads\/2022\/11\/marcasal-hotel-serras-junior-suite-e1667819783378-1024x663.jpeg 1024w, https:\/\/www.marcasal.es\/wp-content\/uploads\/2022\/11\/marcasal-hotel-serras-junior-suite-e1667819783378-300x194.jpeg 300w, https:\/\/www.marcasal.es\/wp-content\/uploads\/2022\/11\/marcasal-hotel-serras-junior-suite-e1667819783378-768x497.jpeg 768w, https:\/\/www.marcasal.es\/wp-content\/uploads\/2022\/11\/marcasal-hotel-serras-junior-suite-e1667819783378-1536x994.jpeg 1536w, https:\/\/www.marcasal.es\/wp-content\/uploads\/2022\/11\/marcasal-hotel-serras-junior-suite-e1667819783378.jpeg 1797w\" data-sizes=\"(max-width: 800px) 100vw, 800px\" src=\"data:image\/svg+xml;base64,PHN2ZyB3aWR0aD0iMSIgaGVpZ2h0PSIxIiB4bWxucz0iaHR0cDovL3d3dy53My5vcmcvMjAwMC9zdmciPjwvc3ZnPg==\" style=\"--smush-placeholder-width: 800px; --smush-placeholder-aspect-ratio: 800\/518;\" \/>\n             <\/div>\n        <\/div><div class=\"eael-entry-wrapper\"><header class=\"eael-entry-header\"><h2 class=\"eael-entry-title\"><a class=\"eael-grid-post-link\" href=\"http:\/\/www.marcasal.es\/en\/hotel-serras\/\" title=\"Hotel Serras\">Hotel Serras<\/a><\/h2><\/header><\/div><\/div>\n        <\/div>\n    <\/article><article class=\"eael-grid-post  eael-post-grid-column eael-pg-post-1824 category-hoteles\" data-id=\"1824\">\n        <div class=\"eael-grid-post-holder\">\n            <div class=\"eael-grid-post-holder-inner\"><div class=\"eael-entry-media\"><div class=\"eael-entry-overlay fade-in\"><i class=\"far fa-eye\" aria-hidden=\"true\"><\/i><a href=\"http:\/\/www.marcasal.es\/en\/hotel-w-opera-paris\/\"><\/a><\/div><div class=\"eael-entry-thumbnail eael-image-ratio\">\n                 <img decoding=\"async\" width=\"395\" height=\"260\" data-src=\"https:\/\/www.marcasal.es\/wp-content\/uploads\/2022\/11\/marcasal-W_Paris-Restaurant-e1697537413752.jpeg\" class=\"attachment-large size-large wp-image-1825 lazyload\" alt=\"\" data-srcset=\"https:\/\/www.marcasal.es\/wp-content\/uploads\/2022\/11\/marcasal-W_Paris-Restaurant-e1697537413752.jpeg 395w, https:\/\/www.marcasal.es\/wp-content\/uploads\/2022\/11\/marcasal-W_Paris-Restaurant-e1697537413752-300x197.jpeg 300w, https:\/\/www.marcasal.es\/wp-content\/uploads\/2022\/11\/marcasal-W_Paris-Restaurant-e1697537413752-18x12.jpeg 18w\" data-sizes=\"(max-width: 395px) 100vw, 395px\" src=\"data:image\/svg+xml;base64,PHN2ZyB3aWR0aD0iMSIgaGVpZ2h0PSIxIiB4bWxucz0iaHR0cDovL3d3dy53My5vcmcvMjAwMC9zdmciPjwvc3ZnPg==\" style=\"--smush-placeholder-width: 395px; --smush-placeholder-aspect-ratio: 395\/260;\" \/>\n             <\/div>\n        <\/div><div class=\"eael-entry-wrapper\"><header class=\"eael-entry-header\"><h2 class=\"eael-entry-title\"><a class=\"eael-grid-post-link\" href=\"http:\/\/www.marcasal.es\/en\/hotel-w-opera-paris\/\" title=\"Hotel W Opera Paris\">Hotel W Opera Paris<\/a><\/h2><\/header><\/div><\/div>\n        <\/div>\n    <\/article><article class=\"eael-grid-post  eael-post-grid-column eael-pg-post-1141 category-restauracion\" data-id=\"1141\">\n        <div class=\"eael-grid-post-holder\">\n            <div class=\"eael-grid-post-holder-inner\"><div class=\"eael-entry-media\"><div class=\"eael-entry-overlay fade-in\"><i class=\"far fa-eye\" aria-hidden=\"true\"><\/i><a href=\"http:\/\/www.marcasal.es\/en\/eclipse-bar\/\"><\/a><\/div><div class=\"eael-entry-thumbnail eael-image-ratio\">\n                 <img decoding=\"async\" width=\"800\" height=\"600\" data-src=\"https:\/\/www.marcasal.es\/wp-content\/uploads\/2022\/10\/marcasal-eclipse-bar1-2-1024x768.jpeg\" class=\"attachment-large size-large wp-image-1674 lazyload\" alt=\"\" src=\"data:image\/svg+xml;base64,PHN2ZyB3aWR0aD0iMSIgaGVpZ2h0PSIxIiB4bWxucz0iaHR0cDovL3d3dy53My5vcmcvMjAwMC9zdmciPjwvc3ZnPg==\" style=\"--smush-placeholder-width: 800px; --smush-placeholder-aspect-ratio: 800\/600;\" \/>\n             <\/div>\n        <\/div><div class=\"eael-entry-wrapper\"><header class=\"eael-entry-header\"><h2 class=\"eael-entry-title\"><a class=\"eael-grid-post-link\" href=\"http:\/\/www.marcasal.es\/en\/eclipse-bar\/\" title=\"Eclipse Bar\">Eclipse Bar<\/a><\/h2><\/header><\/div><\/div>\n        <\/div>\n    <\/article><article class=\"eael-grid-post  eael-post-grid-column eael-pg-post-1126 category-apartamentos-tiendas\" data-id=\"1126\">\n        <div class=\"eael-grid-post-holder\">\n            <div class=\"eael-grid-post-holder-inner\"><div class=\"eael-entry-media\"><div class=\"eael-entry-overlay fade-in\"><i class=\"far fa-eye\" aria-hidden=\"true\"><\/i><a href=\"http:\/\/www.marcasal.es\/en\/apartamentos-sixty-four\/\"><\/a><\/div><div class=\"eael-entry-thumbnail eael-image-ratio\">\n                 <img decoding=\"async\" width=\"800\" height=\"525\" data-src=\"https:\/\/www.marcasal.es\/wp-content\/uploads\/2022\/10\/marcasal-apartamentos-sixtyfour-suite-1024x672.jpeg\" class=\"attachment-large size-large wp-image-1131 lazyload\" alt=\"\" src=\"data:image\/svg+xml;base64,PHN2ZyB3aWR0aD0iMSIgaGVpZ2h0PSIxIiB4bWxucz0iaHR0cDovL3d3dy53My5vcmcvMjAwMC9zdmciPjwvc3ZnPg==\" style=\"--smush-placeholder-width: 800px; --smush-placeholder-aspect-ratio: 800\/525;\" \/>\n             <\/div>\n        <\/div><div class=\"eael-entry-wrapper\"><header class=\"eael-entry-header\"><h2 class=\"eael-entry-title\"><a class=\"eael-grid-post-link\" href=\"http:\/\/www.marcasal.es\/en\/apartamentos-sixty-four\/\" title=\"Apartamentos Sixty Four\">Apartamentos Sixty Four<\/a><\/h2><\/header><\/div><\/div>\n        <\/div>\n    <\/article><article class=\"eael-grid-post  eael-post-grid-column eael-pg-post-1813 category-hoteles\" data-id=\"1813\">\n        <div class=\"eael-grid-post-holder\">\n            <div class=\"eael-grid-post-holder-inner\"><div class=\"eael-entry-media\"><div class=\"eael-entry-overlay fade-in\"><i class=\"far fa-eye\" aria-hidden=\"true\"><\/i><a href=\"http:\/\/www.marcasal.es\/en\/hotel-yurbban\/\"><\/a><\/div><div class=\"eael-entry-thumbnail eael-image-ratio\">\n                 <img decoding=\"async\" width=\"800\" height=\"500\" data-src=\"https:\/\/www.marcasal.es\/wp-content\/uploads\/2022\/11\/marcasal-yurbban-junior-suite-1024x640.jpeg\" class=\"attachment-large size-large wp-image-1818 lazyload\" alt=\"\" data-srcset=\"https:\/\/www.marcasal.es\/wp-content\/uploads\/2022\/11\/marcasal-yurbban-junior-suite-1024x640.jpeg 1024w, https:\/\/www.marcasal.es\/wp-content\/uploads\/2022\/11\/marcasal-yurbban-junior-suite-300x188.jpeg 300w, https:\/\/www.marcasal.es\/wp-content\/uploads\/2022\/11\/marcasal-yurbban-junior-suite-768x480.jpeg 768w, https:\/\/www.marcasal.es\/wp-content\/uploads\/2022\/11\/marcasal-yurbban-junior-suite.jpeg 1440w\" data-sizes=\"(max-width: 800px) 100vw, 800px\" src=\"data:image\/svg+xml;base64,PHN2ZyB3aWR0aD0iMSIgaGVpZ2h0PSIxIiB4bWxucz0iaHR0cDovL3d3dy53My5vcmcvMjAwMC9zdmciPjwvc3ZnPg==\" style=\"--smush-placeholder-width: 800px; --smush-placeholder-aspect-ratio: 800\/500;\" \/>\n             <\/div>\n        <\/div><div class=\"eael-entry-wrapper\"><header class=\"eael-entry-header\"><h2 class=\"eael-entry-title\"><a class=\"eael-grid-post-link\" href=\"http:\/\/www.marcasal.es\/en\/hotel-yurbban\/\" title=\"Hotel Yurbban\">Hotel Yurbban<\/a><\/h2><\/header><\/div><\/div>\n        <\/div>\n    <\/article><\/div>\n            <div class=\"clearfix\"><\/div>\n        <\/div>\t\t\t\t<\/div>\n\t\t\t\t<\/div>\n\t\t\t\t<div class=\"elementor-element elementor-element-0965c0a elementor-widget elementor-widget-spacer\" data-id=\"0965c0a\" data-element_type=\"widget\" data-e-type=\"widget\" data-widget_type=\"spacer.default\">\n\t\t\t\t<div class=\"elementor-widget-container\">\n\t\t\t\t\t\t\t<div class=\"elementor-spacer\">\n\t\t\t<div class=\"elementor-spacer-inner\"><\/div>\n\t\t<\/div>\n\t\t\t\t\t\t<\/div>\n\t\t\t\t<\/div>\n\t\t\t\t\t<\/div>\n\t\t<\/div>\n\t\t\t\t\t<\/div>\n\t\t<\/section>\n\t\t\t\t<section class=\"elementor-section elementor-top-section elementor-element elementor-element-3c90f877 elementor-section-boxed elementor-section-height-default elementor-section-height-default\" data-id=\"3c90f877\" data-element_type=\"section\" data-e-type=\"section\">\n\t\t\t\t\t\t<div class=\"elementor-container elementor-column-gap-default\">\n\t\t\t\t\t<div class=\"elementor-column elementor-col-100 elementor-top-column elementor-element elementor-element-5bd162ac\" data-id=\"5bd162ac\" data-element_type=\"column\" data-e-type=\"column\">\n\t\t\t<div class=\"elementor-widget-wrap elementor-element-populated\">\n\t\t\t\t\t\t<div class=\"elementor-element elementor-element-6266b955 elementor-widget-divider--view-line elementor-widget elementor-widget-divider\" data-id=\"6266b955\" data-element_type=\"widget\" data-e-type=\"widget\" data-widget_type=\"divider.default\">\n\t\t\t\t<div class=\"elementor-widget-container\">\n\t\t\t\t\t\t\t<div class=\"elementor-divider\">\n\t\t\t<span class=\"elementor-divider-separator\">\n\t\t\t\t\t\t<\/span>\n\t\t<\/div>\n\t\t\t\t\t\t<\/div>\n\t\t\t\t<\/div>\n\t\t\t\t\t<\/div>\n\t\t<\/div>\n\t\t\t\t\t<\/div>\n\t\t<\/section>\n\t\t\t\t<section class=\"elementor-section elementor-top-section elementor-element elementor-element-727e9fc2 elementor-section-boxed elementor-section-height-default elementor-section-height-default\" data-id=\"727e9fc2\" data-element_type=\"section\" data-e-type=\"section\" data-settings=\"{&quot;background_background&quot;:&quot;classic&quot;}\">\n\t\t\t\t\t\t<div class=\"elementor-container elementor-column-gap-default\">\n\t\t\t\t\t<div class=\"elementor-column elementor-col-50 elementor-top-column elementor-element elementor-element-6e39ae5f\" data-id=\"6e39ae5f\" data-element_type=\"column\" data-e-type=\"column\" data-settings=\"{&quot;background_background&quot;:&quot;classic&quot;}\">\n\t\t\t<div class=\"elementor-widget-wrap elementor-element-populated\">\n\t\t\t\t\t\t<div class=\"elementor-element elementor-element-40657aea elementor-widget elementor-widget-text-editor\" data-id=\"40657aea\" data-element_type=\"widget\" data-e-type=\"widget\" data-widget_type=\"text-editor.default\">\n\t\t\t\t<div class=\"elementor-widget-container\">\n\t\t\t\t\t\t\t\t\t<h5>Do you need advice or budget?<\/h5>\t\t\t\t\t\t\t\t<\/div>\n\t\t\t\t<\/div>\n\t\t\t\t<div class=\"elementor-element elementor-element-fa91a73 elementor-widget elementor-widget-text-editor\" data-id=\"fa91a73\" data-element_type=\"widget\" data-e-type=\"widget\" data-widget_type=\"text-editor.default\">\n\t\t\t\t<div class=\"elementor-widget-container\">\n\t\t\t\t\t\t\t\t\t<p>Ask us for a budget without commitment<\/p>\t\t\t\t\t\t\t\t<\/div>\n\t\t\t\t<\/div>\n\t\t\t\t<div class=\"elementor-element elementor-element-f5bf12e elementor-widget elementor-widget-text-editor\" data-id=\"f5bf12e\" data-element_type=\"widget\" data-e-type=\"widget\" data-widget_type=\"text-editor.default\">\n\t\t\t\t<div class=\"elementor-widget-container\">\n\t\t\t\t\t\t\t\t\t<p>Our technical department will advise you on the solutions for your next project.\u00a0<\/p>\t\t\t\t\t\t\t\t<\/div>\n\t\t\t\t<\/div>\n\t\t\t\t<div class=\"elementor-element elementor-element-ffd3f6e elementor-align-left elementor-widget elementor-widget-button\" data-id=\"ffd3f6e\" data-element_type=\"widget\" data-e-type=\"widget\" data-widget_type=\"button.default\">\n\t\t\t\t<div class=\"elementor-widget-container\">\n\t\t\t\t\t\t\t\t\t<div class=\"elementor-button-wrapper\">\n\t\t\t\t\t<a class=\"elementor-button elementor-button-link elementor-size-xs elementor-animation-grow\" href=\"https:\/\/www.marcasal.es\/en\/contacto\/\">\n\t\t\t\t\t\t<span class=\"elementor-button-content-wrapper\">\n\t\t\t\t\t\t<span class=\"elementor-button-icon\">\n\t\t\t\t<i aria-hidden=\"true\" class=\"fas fa-phone-alt\"><\/i>\t\t\t<\/span>\n\t\t\t\t\t\t\t\t\t<span class=\"elementor-button-text\">Contact us<\/span>\n\t\t\t\t\t<\/span>\n\t\t\t\t\t<\/a>\n\t\t\t\t<\/div>\n\t\t\t\t\t\t\t\t<\/div>\n\t\t\t\t<\/div>\n\t\t\t\t\t<\/div>\n\t\t<\/div>\n\t\t\t\t<div class=\"elementor-column elementor-col-50 elementor-top-column elementor-element elementor-element-3f4f94be\" data-id=\"3f4f94be\" data-element_type=\"column\" data-e-type=\"column\">\n\t\t\t<div class=\"elementor-widget-wrap elementor-element-populated\">\n\t\t\t\t\t\t<div class=\"elementor-element elementor-element-6dab2b3d elementor-widget__width-inherit elementor-widget elementor-widget-image\" data-id=\"6dab2b3d\" data-element_type=\"widget\" data-e-type=\"widget\" data-widget_type=\"image.default\">\n\t\t\t\t<div class=\"elementor-widget-container\">\n\t\t\t\t\t\t\t\t\t\t\t\t\t\t\t<img decoding=\"async\" width=\"391\" height=\"166\" data-src=\"https:\/\/www.marcasal.es\/wp-content\/uploads\/2023\/02\/La_Show_Marcasal.png\" class=\"elementor-animation-grow attachment-full size-full wp-image-3917 lazyload\" alt=\"\" data-srcset=\"https:\/\/www.marcasal.es\/wp-content\/uploads\/2023\/02\/La_Show_Marcasal.png 391w, https:\/\/www.marcasal.es\/wp-content\/uploads\/2023\/02\/La_Show_Marcasal-300x127.png 300w, https:\/\/www.marcasal.es\/wp-content\/uploads\/2023\/02\/La_Show_Marcasal-18x8.png 18w\" data-sizes=\"(max-width: 391px) 100vw, 391px\" src=\"data:image\/svg+xml;base64,PHN2ZyB3aWR0aD0iMSIgaGVpZ2h0PSIxIiB4bWxucz0iaHR0cDovL3d3dy53My5vcmcvMjAwMC9zdmciPjwvc3ZnPg==\" style=\"--smush-placeholder-width: 391px; --smush-placeholder-aspect-ratio: 391\/166;\" \/>\t\t\t\t\t\t\t\t\t\t\t\t\t\t\t<\/div>\n\t\t\t\t<\/div>\n\t\t\t\t\t<\/div>\n\t\t<\/div>\n\t\t\t\t\t<\/div>\n\t\t<\/section>\n\t\t\t\t<section class=\"elementor-section elementor-top-section elementor-element elementor-element-399d3688 elementor-section-boxed elementor-section-height-default elementor-section-height-default\" data-id=\"399d3688\" data-element_type=\"section\" data-e-type=\"section\" data-settings=\"{&quot;background_background&quot;:&quot;classic&quot;}\">\n\t\t\t\t\t\t<div class=\"elementor-container elementor-column-gap-default\">\n\t\t\t\t\t<div class=\"elementor-column elementor-col-20 elementor-top-column elementor-element elementor-element-321c2dfd\" data-id=\"321c2dfd\" data-element_type=\"column\" data-e-type=\"column\">\n\t\t\t<div class=\"elementor-widget-wrap elementor-element-populated\">\n\t\t\t\t\t\t<div class=\"elementor-element elementor-element-2f6b10dd elementor-widget elementor-widget-text-editor\" data-id=\"2f6b10dd\" data-element_type=\"widget\" data-e-type=\"widget\" data-widget_type=\"text-editor.default\">\n\t\t\t\t<div class=\"elementor-widget-container\">\n\t\t\t\t\t\t\t\t\t<h5>Marcasal<\/h5>\t\t\t\t\t\t\t\t<\/div>\n\t\t\t\t<\/div>\n\t\t\t\t<div class=\"elementor-element elementor-element-2463b910 elementor-widget elementor-widget-text-editor\" data-id=\"2463b910\" data-element_type=\"widget\" data-e-type=\"widget\" data-widget_type=\"text-editor.default\">\n\t\t\t\t<div class=\"elementor-widget-container\">\n\t\t\t\t\t\t\t\t\t<p>Textile studio-workshop<\/p>\t\t\t\t\t\t\t\t<\/div>\n\t\t\t\t<\/div>\n\t\t\t\t\t<\/div>\n\t\t<\/div>\n\t\t\t\t<div class=\"elementor-column elementor-col-20 elementor-top-column elementor-element elementor-element-779949ce\" data-id=\"779949ce\" data-element_type=\"column\" data-e-type=\"column\">\n\t\t\t<div class=\"elementor-widget-wrap elementor-element-populated\">\n\t\t\t\t\t\t<div class=\"elementor-element elementor-element-36e29238 elementor-widget elementor-widget-text-editor\" data-id=\"36e29238\" data-element_type=\"widget\" data-e-type=\"widget\" data-widget_type=\"text-editor.default\">\n\t\t\t\t<div class=\"elementor-widget-container\">\n\t\t\t\t\t\t\t\t\t<h5>Business hours<\/h5>\t\t\t\t\t\t\t\t<\/div>\n\t\t\t\t<\/div>\n\t\t\t\t<div class=\"elementor-element elementor-element-7e1020fb elementor-widget elementor-widget-text-editor\" data-id=\"7e1020fb\" data-element_type=\"widget\" data-e-type=\"widget\" data-widget_type=\"text-editor.default\">\n\t\t\t\t<div class=\"elementor-widget-container\">\n\t\t\t\t\t\t\t\t\t<p>From Monday to Friday<br \/>9:00 a 14:00h\u00a0<br \/>16:00h a 18:00h<\/p>\t\t\t\t\t\t\t\t<\/div>\n\t\t\t\t<\/div>\n\t\t\t\t\t<\/div>\n\t\t<\/div>\n\t\t\t\t<div class=\"elementor-column elementor-col-20 elementor-top-column elementor-element elementor-element-551a50d9\" data-id=\"551a50d9\" data-element_type=\"column\" data-e-type=\"column\">\n\t\t\t<div class=\"elementor-widget-wrap elementor-element-populated\">\n\t\t\t\t\t\t<div class=\"elementor-element elementor-element-37fa2479 elementor-widget elementor-widget-text-editor\" data-id=\"37fa2479\" data-element_type=\"widget\" data-e-type=\"widget\" data-widget_type=\"text-editor.default\">\n\t\t\t\t<div class=\"elementor-widget-container\">\n\t\t\t\t\t\t\t\t\t<h5>Phone and email<\/h5>\t\t\t\t\t\t\t\t<\/div>\n\t\t\t\t<\/div>\n\t\t\t\t<div class=\"elementor-element elementor-element-624a9f9b elementor-widget elementor-widget-text-editor\" data-id=\"624a9f9b\" data-element_type=\"widget\" data-e-type=\"widget\" data-widget_type=\"text-editor.default\">\n\t\t\t\t<div class=\"elementor-widget-container\">\n\t\t\t\t\t\t\t\t\t<p><a href=\"tel:933621732\">T +34 933 621 732<\/a><br \/><a href=\"tel:934484955\">F +34 934 484 955<\/a><br \/><a href=\"mailto:marcasal@marcasal.es?subject=Solicitud%20de%20informaci%C3%B3n\">marcasal@marcasal.es<\/a><\/p>\t\t\t\t\t\t\t\t<\/div>\n\t\t\t\t<\/div>\n\t\t\t\t\t<\/div>\n\t\t<\/div>\n\t\t\t\t<div class=\"elementor-column elementor-col-20 elementor-top-column elementor-element elementor-element-7890c5ff\" data-id=\"7890c5ff\" data-element_type=\"column\" data-e-type=\"column\">\n\t\t\t<div class=\"elementor-widget-wrap elementor-element-populated\">\n\t\t\t\t\t\t<div class=\"elementor-element elementor-element-47e9ebae elementor-widget elementor-widget-text-editor\" data-id=\"47e9ebae\" data-element_type=\"widget\" data-e-type=\"widget\" data-widget_type=\"text-editor.default\">\n\t\t\t\t<div class=\"elementor-widget-container\">\n\t\t\t\t\t\t\t\t\t<h5>Address<\/h5>\t\t\t\t\t\t\t\t<\/div>\n\t\t\t\t<\/div>\n\t\t\t\t<div class=\"elementor-element elementor-element-70f65098 elementor-widget elementor-widget-text-editor\" data-id=\"70f65098\" data-element_type=\"widget\" data-e-type=\"widget\" data-widget_type=\"text-editor.default\">\n\t\t\t\t<div class=\"elementor-widget-container\">\n\t\t\t\t\t\t\t\t\t<p>Passeig dels Ferrocarrils Catalans, 260<br \/>08940 Cornell\u00e0 de Llobregat, Barcelona, Espa\u00f1a<\/p>\t\t\t\t\t\t\t\t<\/div>\n\t\t\t\t<\/div>\n\t\t\t\t\t<\/div>\n\t\t<\/div>\n\t\t\t\t<div class=\"elementor-column elementor-col-20 elementor-top-column elementor-element elementor-element-2ff6e02\" data-id=\"2ff6e02\" data-element_type=\"column\" data-e-type=\"column\">\n\t\t\t<div class=\"elementor-widget-wrap elementor-element-populated\">\n\t\t\t\t\t\t<div class=\"elementor-element elementor-element-b76088d elementor-shape-circle elementor-grid-0 e-grid-align-center elementor-widget elementor-widget-social-icons\" data-id=\"b76088d\" data-element_type=\"widget\" data-e-type=\"widget\" data-widget_type=\"social-icons.default\">\n\t\t\t\t<div class=\"elementor-widget-container\">\n\t\t\t\t\t\t\t<div class=\"elementor-social-icons-wrapper elementor-grid\" role=\"list\">\n\t\t\t\t\t\t\t<span class=\"elementor-grid-item\" role=\"listitem\">\n\t\t\t\t\t<a class=\"elementor-icon elementor-social-icon elementor-social-icon-instagram elementor-repeater-item-a5e0280\" target=\"_blank\">\n\t\t\t\t\t\t<span class=\"elementor-screen-only\">Instagram<\/span>\n\t\t\t\t\t\t<i aria-hidden=\"true\" class=\"fab fa-instagram\"><\/i>\t\t\t\t\t<\/a>\n\t\t\t\t<\/span>\n\t\t\t\t\t\t\t<span class=\"elementor-grid-item\" role=\"listitem\">\n\t\t\t\t\t<a class=\"elementor-icon elementor-social-icon elementor-social-icon-pinterest-p elementor-repeater-item-3d9fac8\" target=\"_blank\">\n\t\t\t\t\t\t<span class=\"elementor-screen-only\">Pinterest-p<\/span>\n\t\t\t\t\t\t<i aria-hidden=\"true\" class=\"fab fa-pinterest-p\"><\/i>\t\t\t\t\t<\/a>\n\t\t\t\t<\/span>\n\t\t\t\t\t\t\t<span class=\"elementor-grid-item\" role=\"listitem\">\n\t\t\t\t\t<a class=\"elementor-icon elementor-social-icon elementor-social-icon-facebook-f elementor-repeater-item-885696e\" target=\"_blank\">\n\t\t\t\t\t\t<span class=\"elementor-screen-only\">Facebook-f<\/span>\n\t\t\t\t\t\t<i aria-hidden=\"true\" class=\"fab fa-facebook-f\"><\/i>\t\t\t\t\t<\/a>\n\t\t\t\t<\/span>\n\t\t\t\t\t\t\t<span class=\"elementor-grid-item\" role=\"listitem\">\n\t\t\t\t\t<a class=\"elementor-icon elementor-social-icon elementor-social-icon-linkedin-in elementor-repeater-item-16e2e52\" target=\"_blank\">\n\t\t\t\t\t\t<span class=\"elementor-screen-only\">Linkedin-in<\/span>\n\t\t\t\t\t\t<i aria-hidden=\"true\" class=\"fab fa-linkedin-in\"><\/i>\t\t\t\t\t<\/a>\n\t\t\t\t<\/span>\n\t\t\t\t\t\t\t<span class=\"elementor-grid-item\" role=\"listitem\">\n\t\t\t\t\t<a class=\"elementor-icon elementor-social-icon elementor-social-icon-twitter elementor-repeater-item-2b14bce\" target=\"_blank\">\n\t\t\t\t\t\t<span class=\"elementor-screen-only\">Twitter<\/span>\n\t\t\t\t\t\t<i aria-hidden=\"true\" class=\"fab fa-twitter\"><\/i>\t\t\t\t\t<\/a>\n\t\t\t\t<\/span>\n\t\t\t\t\t<\/div>\n\t\t\t\t\t\t<\/div>\n\t\t\t\t<\/div>\n\t\t\t\t<div class=\"elementor-element elementor-element-296c236 elementor-widget elementor-widget-text-editor\" data-id=\"296c236\" data-element_type=\"widget\" data-e-type=\"widget\" data-widget_type=\"text-editor.default\">\n\t\t\t\t<div class=\"elementor-widget-container\">\n\t\t\t\t\t\t\t\t\tPol\u00edtica de privacidad\t\t\t\t\t\t\t\t<\/div>\n\t\t\t\t<\/div>\n\t\t\t\t\t<\/div>\n\t\t<\/div>\n\t\t\t\t\t<\/div>\n\t\t<\/section>\n\t\t\t\t<\/div>","protected":false},"excerpt":{"rendered":"<p>Proyectos Marcasal Marcasal ha participado en proyectos de todo tipo, ofreciendo las soluciones textiles m\u00e1s apropiadas tanto en el \u00e1mbito nacional como internacional. Aqu\u00ed os mostramos algunos de nuestros proyectos m\u00e1s destacados. Si deseas conocer m\u00e1s sobre la empresa o nuestros proyectos, no dudes en contactar con nosotros.\u00a0 El Tribut The Social Hub Serras Andorra [&hellip;]<\/p>\n","protected":false},"author":1,"featured_media":0,"parent":0,"menu_order":0,"comment_status":"closed","ping_status":"closed","template":"","meta":{"footnotes":""},"class_list":["post-53","page","type-page","status-publish","hentry"],"yoast_head":"<!-- This site is optimized with the Yoast SEO plugin v27.4 - https:\/\/yoast.com\/product\/yoast-seo-wordpress\/ -->\n<title>Proyectos - Marcasal<\/title>\n<meta name=\"description\" content=\"Marcasal Taller-Estudio de soluciones textiles ofrece las soluciones textiles m\u00e1s apropiadas tanto en el \u00e1mbito nacional como internacional.\" \/>\n<meta name=\"robots\" content=\"index, follow, max-snippet:-1, max-image-preview:large, max-video-preview:-1\" \/>\n<link rel=\"canonical\" href=\"https:\/\/www.marcasal.es\/en\/proyectos\/\" \/>\n<meta property=\"og:locale\" content=\"en_GB\" \/>\n<meta property=\"og:type\" content=\"article\" \/>\n<meta property=\"og:title\" content=\"Proyectos - Marcasal\" \/>\n<meta property=\"og:description\" content=\"Marcasal Taller-Estudio de soluciones textiles ofrece las soluciones textiles m\u00e1s apropiadas tanto en el \u00e1mbito nacional como internacional.\" \/>\n<meta property=\"og:url\" content=\"https:\/\/www.marcasal.es\/en\/proyectos\/\" \/>\n<meta property=\"og:site_name\" content=\"Marcasal\" \/>\n<meta property=\"article:publisher\" content=\"https:\/\/www.facebook.com\/people\/Marcasal\/\" \/>\n<meta property=\"article:modified_time\" content=\"2026-03-17T14:08:01+00:00\" \/>\n<meta property=\"og:image\" content=\"https:\/\/www.marcasal.es\/wp-content\/uploads\/2024\/12\/Marcasal_El-Tribut.webp\" \/>\n\t<meta property=\"og:image:width\" content=\"960\" \/>\n\t<meta property=\"og:image:height\" content=\"640\" \/>\n\t<meta property=\"og:image:type\" content=\"image\/webp\" \/>\n<meta name=\"twitter:card\" content=\"summary_large_image\" \/>\n<meta name=\"twitter:site\" content=\"@NewsMarcasal\" \/>\n<meta name=\"twitter:label1\" content=\"Estimated reading time\" \/>\n\t<meta name=\"twitter:data1\" content=\"12 minutes\" \/>\n<script type=\"application\/ld+json\" class=\"yoast-schema-graph\">{\"@context\":\"https:\\\/\\\/schema.org\",\"@graph\":[{\"@type\":\"WebPage\",\"@id\":\"https:\\\/\\\/www.marcasal.es\\\/proyectos\\\/\",\"url\":\"https:\\\/\\\/www.marcasal.es\\\/proyectos\\\/\",\"name\":\"Proyectos - Marcasal\",\"isPartOf\":{\"@id\":\"https:\\\/\\\/www.marcasal.es\\\/en\\\/#website\"},\"primaryImageOfPage\":{\"@id\":\"https:\\\/\\\/www.marcasal.es\\\/proyectos\\\/#primaryimage\"},\"image\":{\"@id\":\"https:\\\/\\\/www.marcasal.es\\\/proyectos\\\/#primaryimage\"},\"thumbnailUrl\":\"https:\\\/\\\/www.marcasal.es\\\/wp-content\\\/uploads\\\/2024\\\/12\\\/Marcasal_El-Tribut.webp\",\"datePublished\":\"2022-10-05T10:52:36+00:00\",\"dateModified\":\"2026-03-17T14:08:01+00:00\",\"description\":\"Marcasal Taller-Estudio de soluciones textiles ofrece las soluciones textiles m\u00e1s apropiadas tanto en el \u00e1mbito nacional como internacional.\",\"breadcrumb\":{\"@id\":\"https:\\\/\\\/www.marcasal.es\\\/proyectos\\\/#breadcrumb\"},\"inLanguage\":\"en-GB\",\"potentialAction\":[{\"@type\":\"ReadAction\",\"target\":[\"https:\\\/\\\/www.marcasal.es\\\/proyectos\\\/\"]}]},{\"@type\":\"ImageObject\",\"inLanguage\":\"en-GB\",\"@id\":\"https:\\\/\\\/www.marcasal.es\\\/proyectos\\\/#primaryimage\",\"url\":\"https:\\\/\\\/www.marcasal.es\\\/wp-content\\\/uploads\\\/2024\\\/12\\\/Marcasal_El-Tribut.webp\",\"contentUrl\":\"https:\\\/\\\/www.marcasal.es\\\/wp-content\\\/uploads\\\/2024\\\/12\\\/Marcasal_El-Tribut.webp\"},{\"@type\":\"BreadcrumbList\",\"@id\":\"https:\\\/\\\/www.marcasal.es\\\/proyectos\\\/#breadcrumb\",\"itemListElement\":[{\"@type\":\"ListItem\",\"position\":1,\"name\":\"Portada\",\"item\":\"https:\\\/\\\/www.marcasal.es\\\/\"},{\"@type\":\"ListItem\",\"position\":2,\"name\":\"Proyectos\"}]},{\"@type\":\"WebSite\",\"@id\":\"https:\\\/\\\/www.marcasal.es\\\/en\\\/#website\",\"url\":\"https:\\\/\\\/www.marcasal.es\\\/en\\\/\",\"name\":\"Marcasal\",\"description\":\"Taller Estudio Textil\",\"publisher\":{\"@id\":\"https:\\\/\\\/www.marcasal.es\\\/en\\\/#organization\"},\"alternateName\":\"Taller Estudio de soluciones textiles\",\"potentialAction\":[{\"@type\":\"SearchAction\",\"target\":{\"@type\":\"EntryPoint\",\"urlTemplate\":\"https:\\\/\\\/www.marcasal.es\\\/en\\\/?s={search_term_string}\"},\"query-input\":{\"@type\":\"PropertyValueSpecification\",\"valueRequired\":true,\"valueName\":\"search_term_string\"}}],\"inLanguage\":\"en-GB\"},{\"@type\":\"Organization\",\"@id\":\"https:\\\/\\\/www.marcasal.es\\\/en\\\/#organization\",\"name\":\"Marcasal\",\"alternateName\":\"Taller Estudio de soluciones textiles\",\"url\":\"https:\\\/\\\/www.marcasal.es\\\/en\\\/\",\"logo\":{\"@type\":\"ImageObject\",\"inLanguage\":\"en-GB\",\"@id\":\"https:\\\/\\\/www.marcasal.es\\\/en\\\/#\\\/schema\\\/logo\\\/image\\\/\",\"url\":\"https:\\\/\\\/www.marcasal.es\\\/wp-content\\\/uploads\\\/2022\\\/10\\\/cropped-Marcasal_logo-1.png\",\"contentUrl\":\"https:\\\/\\\/www.marcasal.es\\\/wp-content\\\/uploads\\\/2022\\\/10\\\/cropped-Marcasal_logo-1.png\",\"width\":208,\"height\":208,\"caption\":\"Marcasal\"},\"image\":{\"@id\":\"https:\\\/\\\/www.marcasal.es\\\/en\\\/#\\\/schema\\\/logo\\\/image\\\/\"},\"sameAs\":[\"https:\\\/\\\/www.facebook.com\\\/people\\\/Marcasal\\\/\",\"https:\\\/\\\/x.com\\\/NewsMarcasal\",\"https:\\\/\\\/www.instagram.com\\\/marcasal_news\\\/\"]}]}<\/script>\n<!-- \/ Yoast SEO plugin. -->","yoast_head_json":{"title":"Proyectos - Marcasal","description":"Marcasal Taller-Estudio de soluciones textiles ofrece las soluciones textiles m\u00e1s apropiadas tanto en el \u00e1mbito nacional como internacional.","robots":{"index":"index","follow":"follow","max-snippet":"max-snippet:-1","max-image-preview":"max-image-preview:large","max-video-preview":"max-video-preview:-1"},"canonical":"https:\/\/www.marcasal.es\/en\/proyectos\/","og_locale":"en_GB","og_type":"article","og_title":"Proyectos - Marcasal","og_description":"Marcasal Taller-Estudio de soluciones textiles ofrece las soluciones textiles m\u00e1s apropiadas tanto en el \u00e1mbito nacional como internacional.","og_url":"https:\/\/www.marcasal.es\/en\/proyectos\/","og_site_name":"Marcasal","article_publisher":"https:\/\/www.facebook.com\/people\/Marcasal\/","article_modified_time":"2026-03-17T14:08:01+00:00","og_image":[{"width":960,"height":640,"url":"https:\/\/www.marcasal.es\/wp-content\/uploads\/2024\/12\/Marcasal_El-Tribut.webp","type":"image\/webp"}],"twitter_card":"summary_large_image","twitter_site":"@NewsMarcasal","twitter_misc":{"Estimated reading time":"12 minutes"},"schema":{"@context":"https:\/\/schema.org","@graph":[{"@type":"WebPage","@id":"https:\/\/www.marcasal.es\/proyectos\/","url":"https:\/\/www.marcasal.es\/proyectos\/","name":"Proyectos - Marcasal","isPartOf":{"@id":"https:\/\/www.marcasal.es\/en\/#website"},"primaryImageOfPage":{"@id":"https:\/\/www.marcasal.es\/proyectos\/#primaryimage"},"image":{"@id":"https:\/\/www.marcasal.es\/proyectos\/#primaryimage"},"thumbnailUrl":"https:\/\/www.marcasal.es\/wp-content\/uploads\/2024\/12\/Marcasal_El-Tribut.webp","datePublished":"2022-10-05T10:52:36+00:00","dateModified":"2026-03-17T14:08:01+00:00","description":"Marcasal Taller-Estudio de soluciones textiles ofrece las soluciones textiles m\u00e1s apropiadas tanto en el \u00e1mbito nacional como internacional.","breadcrumb":{"@id":"https:\/\/www.marcasal.es\/proyectos\/#breadcrumb"},"inLanguage":"en-GB","potentialAction":[{"@type":"ReadAction","target":["https:\/\/www.marcasal.es\/proyectos\/"]}]},{"@type":"ImageObject","inLanguage":"en-GB","@id":"https:\/\/www.marcasal.es\/proyectos\/#primaryimage","url":"https:\/\/www.marcasal.es\/wp-content\/uploads\/2024\/12\/Marcasal_El-Tribut.webp","contentUrl":"https:\/\/www.marcasal.es\/wp-content\/uploads\/2024\/12\/Marcasal_El-Tribut.webp"},{"@type":"BreadcrumbList","@id":"https:\/\/www.marcasal.es\/proyectos\/#breadcrumb","itemListElement":[{"@type":"ListItem","position":1,"name":"Portada","item":"https:\/\/www.marcasal.es\/"},{"@type":"ListItem","position":2,"name":"Proyectos"}]},{"@type":"WebSite","@id":"https:\/\/www.marcasal.es\/en\/#website","url":"https:\/\/www.marcasal.es\/en\/","name":"Marcasal","description":"Taller Estudio Textil","publisher":{"@id":"https:\/\/www.marcasal.es\/en\/#organization"},"alternateName":"Taller Estudio de soluciones textiles","potentialAction":[{"@type":"SearchAction","target":{"@type":"EntryPoint","urlTemplate":"https:\/\/www.marcasal.es\/en\/?s={search_term_string}"},"query-input":{"@type":"PropertyValueSpecification","valueRequired":true,"valueName":"search_term_string"}}],"inLanguage":"en-GB"},{"@type":"Organization","@id":"https:\/\/www.marcasal.es\/en\/#organization","name":"Marcasal","alternateName":"Taller Estudio de soluciones textiles","url":"https:\/\/www.marcasal.es\/en\/","logo":{"@type":"ImageObject","inLanguage":"en-GB","@id":"https:\/\/www.marcasal.es\/en\/#\/schema\/logo\/image\/","url":"https:\/\/www.marcasal.es\/wp-content\/uploads\/2022\/10\/cropped-Marcasal_logo-1.png","contentUrl":"https:\/\/www.marcasal.es\/wp-content\/uploads\/2022\/10\/cropped-Marcasal_logo-1.png","width":208,"height":208,"caption":"Marcasal"},"image":{"@id":"https:\/\/www.marcasal.es\/en\/#\/schema\/logo\/image\/"},"sameAs":["https:\/\/www.facebook.com\/people\/Marcasal\/","https:\/\/x.com\/NewsMarcasal","https:\/\/www.instagram.com\/marcasal_news\/"]}]}},"_links":{"self":[{"href":"http:\/\/www.marcasal.es\/en\/wp-json\/wp\/v2\/pages\/53","targetHints":{"allow":["GET"]}}],"collection":[{"href":"http:\/\/www.marcasal.es\/en\/wp-json\/wp\/v2\/pages"}],"about":[{"href":"http:\/\/www.marcasal.es\/en\/wp-json\/wp\/v2\/types\/page"}],"author":[{"embeddable":true,"href":"http:\/\/www.marcasal.es\/en\/wp-json\/wp\/v2\/users\/1"}],"replies":[{"embeddable":true,"href":"http:\/\/www.marcasal.es\/en\/wp-json\/wp\/v2\/comments?post=53"}],"version-history":[{"count":11,"href":"http:\/\/www.marcasal.es\/en\/wp-json\/wp\/v2\/pages\/53\/revisions"}],"predecessor-version":[{"id":5888,"href":"http:\/\/www.marcasal.es\/en\/wp-json\/wp\/v2\/pages\/53\/revisions\/5888"}],"wp:attachment":[{"href":"http:\/\/www.marcasal.es\/en\/wp-json\/wp\/v2\/media?parent=53"}],"curies":[{"name":"wp","href":"https:\/\/api.w.org\/{rel}","templated":true}]}}